{"id":4766,"date":"2023-02-02T11:35:33","date_gmt":"2023-02-02T16:35:33","guid":{"rendered":"https:\/\/gestionlaprise.com\/immobilier\/?post_type=property&#038;p=4766"},"modified":"2023-02-02T12:02:47","modified_gmt":"2023-02-02T17:02:47","slug":"47-albert-2","status":"publish","type":"property","link":"https:\/\/gestionlaprise.com\/immobilier\/propriete\/45-47-albert\/47-albert-2\/","title":{"rendered":"47 Albert"},"content":{"rendered":"\n<p>Grand jumel\u00e9 situ\u00e9 dans un secteur tranquille, comprenant quatre chambres-\u00e0-coucher. Arri\u00e8re-cours priv\u00e9e avec  cabanon. <\/p>\n<div style=\"padding-bottom:20px; padding-top:10px;\" class=\"hupso-share-buttons\"><!-- Hupso Share Buttons - https:\/\/www.hupso.com\/share\/ --><a class=\"hupso_counters\" href=\"https:\/\/www.hupso.com\/share\/\"><img decoding=\"async\" src=\"https:\/\/static.hupso.com\/share\/buttons\/lang\/fr\/share-small.png\" style=\"border:0px; padding-top:2px; float:left;\" alt=\"Share Button\"\/><\/a><script type=\"text\/javascript\">var hupso_services_c=new Array(\"facebook_like\",\"facebook_send\",\"google\",\"email\",\"print\");var hupso_counters_lang = \"fr_CA\";var hupso_image_folder_url = \"\";var hupso_url_c=\"\";var hupso_title_c=\"47%20Albert\";<\/script><script type=\"text\/javascript\" src=\"https:\/\/static.hupso.com\/share\/js\/counters.js\"><\/script><!-- Hupso Share Buttons --><\/div>","protected":false},"excerpt":{"rendered":"<p>Grand jumel\u00e9 situ\u00e9 dans un secteur tranquille, comprenant quatre chambres-\u00e0-coucher. Arri\u00e8re-cours priv\u00e9e avec cabanon.<\/p>\n<div style=\"padding-bottom:20px; padding-top:10px;\" class=\"hupso-share-buttons\"><!-- Hupso Share Buttons - https:\/\/www.hupso.com\/share\/ --><a class=\"hupso_counters\" href=\"https:\/\/www.hupso.com\/share\/\"><img src=\"https:\/\/static.hupso.com\/share\/buttons\/lang\/fr\/share-small.png\" style=\"border:0px; padding-top:2px; float:left;\" alt=\"Share Button\"\/><\/a><script type=\"text\/javascript\">var hupso_services_c=new Array(\"facebook_like\",\"facebook_send\",\"google\",\"email\",\"print\");var hupso_counters_lang = \"fr_CA\";var hupso_image_folder_url = \"\";var hupso_url_c=\"\";var hupso_title_c=\"47%20Albert\";<\/script><script type=\"text\/javascript\" src=\"https:\/\/static.hupso.com\/share\/js\/counters.js\"><\/script><!-- Hupso Share Buttons --><\/div>","protected":false},"author":2,"featured_media":4765,"parent":4652,"menu_order":0,"comment_status":"open","ping_status":"closed","template":"","property-types":[70],"property-statuses":[25],"property-cities":[],"property-features":[61,62,27,92],"class_list":["post-4766","property","type-property","status-publish","has-post-thumbnail","hentry","property-type-70","property-status-deja-loue","property-feature-entree-laveuse-secheuse","property-feature-logement-6-5","property-feature-stationnement","property-feature-terrain-prive","clearfix"],"yoast_head":"<!-- This site is optimized with the Yoast SEO plugin v27.2 - https:\/\/yoast.com\/product\/yoast-seo-wordpress\/ -->\n<title>47 Albert - Gestion Laprise | Immobilier<\/title>\n<meta name=\"description\" content=\"Logement, Forestville, \u00c0 louer, chambres\" \/>\n<meta name=\"robots\" content=\"index, follow, max-snippet:-1, max-image-preview:large, max-video-preview:-1\" \/>\n<link rel=\"canonical\" href=\"https:\/\/gestionlaprise.com\/immobilier\/propriete\/45-47-albert\/47-albert-2\/\" \/>\n<meta property=\"og:locale\" content=\"fr_FR\" \/>\n<meta property=\"og:type\" content=\"article\" \/>\n<meta property=\"og:title\" content=\"47 Albert - Gestion Laprise | Immobilier\" \/>\n<meta property=\"og:description\" content=\"Logement, Forestville, \u00c0 louer, chambres\" \/>\n<meta property=\"og:url\" content=\"https:\/\/gestionlaprise.com\/immobilier\/propriete\/45-47-albert\/47-albert-2\/\" \/>\n<meta property=\"og:site_name\" content=\"Gestion Laprise | Immobilier\" \/>\n<meta property=\"article:publisher\" content=\"https:\/\/www.facebook.com\/GestionLaprise\/\" \/>\n<meta property=\"article:modified_time\" content=\"2023-02-02T17:02:47+00:00\" \/>\n<meta property=\"og:image\" content=\"https:\/\/gestionlaprise.com\/immobilier\/wp-content\/uploads\/2022\/06\/47-Albert-1.jpg\" \/>\n\t<meta property=\"og:image:width\" content=\"828\" \/>\n\t<meta property=\"og:image:height\" content=\"621\" \/>\n\t<meta property=\"og:image:type\" content=\"image\/jpeg\" \/>\n<meta name=\"twitter:card\" content=\"summary_large_image\" \/>\n<meta name=\"twitter:label1\" content=\"Dur\u00e9e de lecture estim\u00e9e\" \/>\n\t<meta name=\"twitter:data1\" content=\"1 minute\" \/>\n<script type=\"application\/ld+json\" class=\"yoast-schema-graph\">{\"@context\":\"https:\/\/schema.org\",\"@graph\":[{\"@type\":\"WebPage\",\"@id\":\"https:\/\/gestionlaprise.com\/immobilier\/propriete\/45-47-albert\/47-albert-2\/\",\"url\":\"https:\/\/gestionlaprise.com\/immobilier\/propriete\/45-47-albert\/47-albert-2\/\",\"name\":\"47 Albert - Gestion Laprise | Immobilier\",\"isPartOf\":{\"@id\":\"https:\/\/gestionlaprise.com\/immobilier\/#website\"},\"primaryImageOfPage\":{\"@id\":\"https:\/\/gestionlaprise.com\/immobilier\/propriete\/45-47-albert\/47-albert-2\/#primaryimage\"},\"image\":{\"@id\":\"https:\/\/gestionlaprise.com\/immobilier\/propriete\/45-47-albert\/47-albert-2\/#primaryimage\"},\"thumbnailUrl\":\"https:\/\/gestionlaprise.com\/immobilier\/wp-content\/uploads\/2022\/06\/47-Albert-1.jpg\",\"datePublished\":\"2023-02-02T16:35:33+00:00\",\"dateModified\":\"2023-02-02T17:02:47+00:00\",\"description\":\"Logement, Forestville, \u00c0 louer, chambres\",\"breadcrumb\":{\"@id\":\"https:\/\/gestionlaprise.com\/immobilier\/propriete\/45-47-albert\/47-albert-2\/#breadcrumb\"},\"inLanguage\":\"fr-FR\",\"potentialAction\":[{\"@type\":\"ReadAction\",\"target\":[\"https:\/\/gestionlaprise.com\/immobilier\/propriete\/45-47-albert\/47-albert-2\/\"]}]},{\"@type\":\"ImageObject\",\"inLanguage\":\"fr-FR\",\"@id\":\"https:\/\/gestionlaprise.com\/immobilier\/propriete\/45-47-albert\/47-albert-2\/#primaryimage\",\"url\":\"https:\/\/gestionlaprise.com\/immobilier\/wp-content\/uploads\/2022\/06\/47-Albert-1.jpg\",\"contentUrl\":\"https:\/\/gestionlaprise.com\/immobilier\/wp-content\/uploads\/2022\/06\/47-Albert-1.jpg\",\"width\":828,\"height\":621},{\"@type\":\"BreadcrumbList\",\"@id\":\"https:\/\/gestionlaprise.com\/immobilier\/propriete\/45-47-albert\/47-albert-2\/#breadcrumb\",\"itemListElement\":[{\"@type\":\"ListItem\",\"position\":1,\"name\":\"Accueil\",\"item\":\"https:\/\/gestionlaprise.com\/immobilier\/\"},{\"@type\":\"ListItem\",\"position\":2,\"name\":\"Biens\",\"item\":\"https:\/\/gestionlaprise.com\/immobilier\/propriete\/\"},{\"@type\":\"ListItem\",\"position\":3,\"name\":\"45-47 Albert\",\"item\":\"https:\/\/gestionlaprise.com\/immobilier\/propriete\/45-47-albert\/\"},{\"@type\":\"ListItem\",\"position\":4,\"name\":\"47 Albert\"}]},{\"@type\":\"WebSite\",\"@id\":\"https:\/\/gestionlaprise.com\/immobilier\/#website\",\"url\":\"https:\/\/gestionlaprise.com\/immobilier\/\",\"name\":\"Gestion Laprise | Immobilier\",\"description\":\"Immobilier - Logements \u00e0 louer \",\"publisher\":{\"@id\":\"https:\/\/gestionlaprise.com\/immobilier\/#organization\"},\"potentialAction\":[{\"@type\":\"SearchAction\",\"target\":{\"@type\":\"EntryPoint\",\"urlTemplate\":\"https:\/\/gestionlaprise.com\/immobilier\/?s={search_term_string}\"},\"query-input\":{\"@type\":\"PropertyValueSpecification\",\"valueRequired\":true,\"valueName\":\"search_term_string\"}}],\"inLanguage\":\"fr-FR\"},{\"@type\":\"Organization\",\"@id\":\"https:\/\/gestionlaprise.com\/immobilier\/#organization\",\"name\":\"Gestion Laprise Service Immobilier\",\"url\":\"https:\/\/gestionlaprise.com\/immobilier\/\",\"logo\":{\"@type\":\"ImageObject\",\"inLanguage\":\"fr-FR\",\"@id\":\"https:\/\/gestionlaprise.com\/immobilier\/#\/schema\/logo\/image\/\",\"url\":\"https:\/\/gestionlaprise.com\/immobilier\/wp-content\/uploads\/2018\/01\/logo_Gestion_Laprise236x130.jpg\",\"contentUrl\":\"https:\/\/gestionlaprise.com\/immobilier\/wp-content\/uploads\/2018\/01\/logo_Gestion_Laprise236x130.jpg\",\"width\":236,\"height\":130,\"caption\":\"Gestion Laprise Service Immobilier\"},\"image\":{\"@id\":\"https:\/\/gestionlaprise.com\/immobilier\/#\/schema\/logo\/image\/\"},\"sameAs\":[\"https:\/\/www.facebook.com\/GestionLaprise\/\"]}]}<\/script>\n<!-- \/ Yoast SEO plugin. -->","yoast_head_json":{"title":"47 Albert - Gestion Laprise | Immobilier","description":"Logement, Forestville, \u00c0 louer, chambres","robots":{"index":"index","follow":"follow","max-snippet":"max-snippet:-1","max-image-preview":"max-image-preview:large","max-video-preview":"max-video-preview:-1"},"canonical":"https:\/\/gestionlaprise.com\/immobilier\/propriete\/45-47-albert\/47-albert-2\/","og_locale":"fr_FR","og_type":"article","og_title":"47 Albert - Gestion Laprise | Immobilier","og_description":"Logement, Forestville, \u00c0 louer, chambres","og_url":"https:\/\/gestionlaprise.com\/immobilier\/propriete\/45-47-albert\/47-albert-2\/","og_site_name":"Gestion Laprise | Immobilier","article_publisher":"https:\/\/www.facebook.com\/GestionLaprise\/","article_modified_time":"2023-02-02T17:02:47+00:00","og_image":[{"width":828,"height":621,"url":"https:\/\/gestionlaprise.com\/immobilier\/wp-content\/uploads\/2022\/06\/47-Albert-1.jpg","type":"image\/jpeg"}],"twitter_card":"summary_large_image","twitter_misc":{"Dur\u00e9e de lecture estim\u00e9e":"1 minute"},"schema":{"@context":"https:\/\/schema.org","@graph":[{"@type":"WebPage","@id":"https:\/\/gestionlaprise.com\/immobilier\/propriete\/45-47-albert\/47-albert-2\/","url":"https:\/\/gestionlaprise.com\/immobilier\/propriete\/45-47-albert\/47-albert-2\/","name":"47 Albert - Gestion Laprise | Immobilier","isPartOf":{"@id":"https:\/\/gestionlaprise.com\/immobilier\/#website"},"primaryImageOfPage":{"@id":"https:\/\/gestionlaprise.com\/immobilier\/propriete\/45-47-albert\/47-albert-2\/#primaryimage"},"image":{"@id":"https:\/\/gestionlaprise.com\/immobilier\/propriete\/45-47-albert\/47-albert-2\/#primaryimage"},"thumbnailUrl":"https:\/\/gestionlaprise.com\/immobilier\/wp-content\/uploads\/2022\/06\/47-Albert-1.jpg","datePublished":"2023-02-02T16:35:33+00:00","dateModified":"2023-02-02T17:02:47+00:00","description":"Logement, Forestville, \u00c0 louer, chambres","breadcrumb":{"@id":"https:\/\/gestionlaprise.com\/immobilier\/propriete\/45-47-albert\/47-albert-2\/#breadcrumb"},"inLanguage":"fr-FR","potentialAction":[{"@type":"ReadAction","target":["https:\/\/gestionlaprise.com\/immobilier\/propriete\/45-47-albert\/47-albert-2\/"]}]},{"@type":"ImageObject","inLanguage":"fr-FR","@id":"https:\/\/gestionlaprise.com\/immobilier\/propriete\/45-47-albert\/47-albert-2\/#primaryimage","url":"https:\/\/gestionlaprise.com\/immobilier\/wp-content\/uploads\/2022\/06\/47-Albert-1.jpg","contentUrl":"https:\/\/gestionlaprise.com\/immobilier\/wp-content\/uploads\/2022\/06\/47-Albert-1.jpg","width":828,"height":621},{"@type":"BreadcrumbList","@id":"https:\/\/gestionlaprise.com\/immobilier\/propriete\/45-47-albert\/47-albert-2\/#breadcrumb","itemListElement":[{"@type":"ListItem","position":1,"name":"Accueil","item":"https:\/\/gestionlaprise.com\/immobilier\/"},{"@type":"ListItem","position":2,"name":"Biens","item":"https:\/\/gestionlaprise.com\/immobilier\/propriete\/"},{"@type":"ListItem","position":3,"name":"45-47 Albert","item":"https:\/\/gestionlaprise.com\/immobilier\/propriete\/45-47-albert\/"},{"@type":"ListItem","position":4,"name":"47 Albert"}]},{"@type":"WebSite","@id":"https:\/\/gestionlaprise.com\/immobilier\/#website","url":"https:\/\/gestionlaprise.com\/immobilier\/","name":"Gestion Laprise | Immobilier","description":"Immobilier - Logements \u00e0 louer ","publisher":{"@id":"https:\/\/gestionlaprise.com\/immobilier\/#organization"},"potentialAction":[{"@type":"SearchAction","target":{"@type":"EntryPoint","urlTemplate":"https:\/\/gestionlaprise.com\/immobilier\/?s={search_term_string}"},"query-input":{"@type":"PropertyValueSpecification","valueRequired":true,"valueName":"search_term_string"}}],"inLanguage":"fr-FR"},{"@type":"Organization","@id":"https:\/\/gestionlaprise.com\/immobilier\/#organization","name":"Gestion Laprise Service Immobilier","url":"https:\/\/gestionlaprise.com\/immobilier\/","logo":{"@type":"ImageObject","inLanguage":"fr-FR","@id":"https:\/\/gestionlaprise.com\/immobilier\/#\/schema\/logo\/image\/","url":"https:\/\/gestionlaprise.com\/immobilier\/wp-content\/uploads\/2018\/01\/logo_Gestion_Laprise236x130.jpg","contentUrl":"https:\/\/gestionlaprise.com\/immobilier\/wp-content\/uploads\/2018\/01\/logo_Gestion_Laprise236x130.jpg","width":236,"height":130,"caption":"Gestion Laprise Service Immobilier"},"image":{"@id":"https:\/\/gestionlaprise.com\/immobilier\/#\/schema\/logo\/image\/"},"sameAs":["https:\/\/www.facebook.com\/GestionLaprise\/"]}]}},"_links":{"self":[{"href":"https:\/\/gestionlaprise.com\/immobilier\/wp-json\/wp\/v2\/properties\/4766","targetHints":{"allow":["GET"]}}],"collection":[{"href":"https:\/\/gestionlaprise.com\/immobilier\/wp-json\/wp\/v2\/properties"}],"about":[{"href":"https:\/\/gestionlaprise.com\/immobilier\/wp-json\/wp\/v2\/types\/property"}],"author":[{"embeddable":true,"href":"https:\/\/gestionlaprise.com\/immobilier\/wp-json\/wp\/v2\/users\/2"}],"replies":[{"embeddable":true,"href":"https:\/\/gestionlaprise.com\/immobilier\/wp-json\/wp\/v2\/comments?post=4766"}],"version-history":[{"count":1,"href":"https:\/\/gestionlaprise.com\/immobilier\/wp-json\/wp\/v2\/properties\/4766\/revisions"}],"predecessor-version":[{"id":4767,"href":"https:\/\/gestionlaprise.com\/immobilier\/wp-json\/wp\/v2\/properties\/4766\/revisions\/4767"}],"up":[{"embeddable":true,"href":"https:\/\/gestionlaprise.com\/immobilier\/wp-json\/wp\/v2\/properties\/4652"}],"wp:featuredmedia":[{"embeddable":true,"href":"https:\/\/gestionlaprise.com\/immobilier\/wp-json\/wp\/v2\/media\/4765"}],"wp:attachment":[{"href":"https:\/\/gestionlaprise.com\/immobilier\/wp-json\/wp\/v2\/media?parent=4766"}],"wp:term":[{"taxonomy":"property-type","embeddable":true,"href":"https:\/\/gestionlaprise.com\/immobilier\/wp-json\/wp\/v2\/property-types?post=4766"},{"taxonomy":"property-status","embeddable":true,"href":"https:\/\/gestionlaprise.com\/immobilier\/wp-json\/wp\/v2\/property-statuses?post=4766"},{"taxonomy":"property-city","embeddable":true,"href":"https:\/\/gestionlaprise.com\/immobilier\/wp-json\/wp\/v2\/property-cities?post=4766"},{"taxonomy":"property-feature","embeddable":true,"href":"https:\/\/gestionlaprise.com\/immobilier\/wp-json\/wp\/v2\/property-features?post=4766"}],"curies":[{"name":"wp","href":"https:\/\/api.w.org\/{rel}","templated":true}]}}