{"id":45,"date":"2018-02-21T13:25:03","date_gmt":"2018-02-21T18:25:03","guid":{"rendered":"http:\/\/inspirythemesdemo.com\/realplaces\/?post_type=property&#038;p=45"},"modified":"2022-09-23T12:14:14","modified_gmt":"2022-09-23T17:14:14","slug":"23-2e-avenue-forestville-g0t1e0","status":"publish","type":"property","link":"https:\/\/gestionlaprise.com\/immobilier\/propriete\/23-2e-avenue-forestville-g0t1e0\/","title":{"rendered":"23, 2e Avenue, Forestville"},"content":{"rendered":"<p>Immeuble r\u00e9sidentiel de cinq logements, \u00e0 proximit\u00e9 des \u00e9coles et des services. Acc\u00e8s \u00e0 un grand terrain \u00e0 l&#8217;arri\u00e8re.<\/p>\n<div style=\"padding-bottom:20px; padding-top:10px;\" class=\"hupso-share-buttons\"><!-- Hupso Share Buttons - https:\/\/www.hupso.com\/share\/ --><a class=\"hupso_counters\" href=\"https:\/\/www.hupso.com\/share\/\"><img decoding=\"async\" src=\"https:\/\/static.hupso.com\/share\/buttons\/lang\/fr\/share-small.png\" style=\"border:0px; padding-top:2px; float:left;\" alt=\"Share Button\"\/><\/a><script type=\"text\/javascript\">var hupso_services_c=new Array(\"facebook_like\",\"facebook_send\",\"google\",\"email\",\"print\");var hupso_counters_lang = \"fr_CA\";var hupso_image_folder_url = \"\";var hupso_url_c=\"\";var hupso_title_c=\"23%2C%202e%20Avenue%2C%20Forestville\";<\/script><script type=\"text\/javascript\" src=\"https:\/\/static.hupso.com\/share\/js\/counters.js\"><\/script><!-- Hupso Share Buttons --><\/div>","protected":false},"excerpt":{"rendered":"<p>Immeuble r\u00e9sidentiel de cinq logements, \u00e0 proximit\u00e9 des \u00e9coles et des services. Acc\u00e8s \u00e0 un grand terrain \u00e0 l&#8217;arri\u00e8re.<\/p>\n<div style=\"padding-bottom:20px; padding-top:10px;\" class=\"hupso-share-buttons\"><!-- Hupso Share Buttons - https:\/\/www.hupso.com\/share\/ --><a class=\"hupso_counters\" href=\"https:\/\/www.hupso.com\/share\/\"><img src=\"https:\/\/static.hupso.com\/share\/buttons\/lang\/fr\/share-small.png\" style=\"border:0px; padding-top:2px; float:left;\" alt=\"Share Button\"\/><\/a><script type=\"text\/javascript\">var hupso_services_c=new Array(\"facebook_like\",\"facebook_send\",\"google\",\"email\",\"print\");var hupso_counters_lang = \"fr_CA\";var hupso_image_folder_url = \"\";var hupso_url_c=\"\";var hupso_title_c=\"23%2C%202e%20Avenue%2C%20Forestville\";<\/script><script type=\"text\/javascript\" src=\"https:\/\/static.hupso.com\/share\/js\/counters.js\"><\/script><!-- Hupso Share Buttons --><\/div>","protected":false},"author":1,"featured_media":4697,"parent":0,"menu_order":0,"comment_status":"closed","ping_status":"closed","template":"","property-types":[65,66,67,68,70],"property-statuses":[25],"property-cities":[50],"property-features":[],"class_list":["post-45","property","type-property","status-publish","has-post-thumbnail","hentry","property-type-65","property-type-66","property-type-67","property-type-68","property-type-70","property-status-deja-loue","property-city-23-2e-avenue","clearfix"],"yoast_head":"<!-- This site is optimized with the Yoast SEO plugin v27.2 - https:\/\/yoast.com\/product\/yoast-seo-wordpress\/ -->\n<title>Immeuble \u00e0 logement 23, 2 Avenue, Forestville<\/title>\n<meta name=\"description\" content=\"Immeuble \u00e0 logement 23, 2 Avenue, Forestville\" \/>\n<meta name=\"robots\" content=\"index, follow, max-snippet:-1, max-image-preview:large, max-video-preview:-1\" \/>\n<link rel=\"canonical\" href=\"https:\/\/gestionlaprise.com\/immobilier\/propriete\/23-2e-avenue-forestville-g0t1e0\/\" \/>\n<meta property=\"og:locale\" content=\"fr_FR\" \/>\n<meta property=\"og:type\" content=\"article\" \/>\n<meta property=\"og:title\" content=\"Immeuble \u00e0 logement 23, 2 Avenue, Forestville\" \/>\n<meta property=\"og:description\" content=\"Immeuble \u00e0 logement 23, 2 Avenue, Forestville\" \/>\n<meta property=\"og:url\" content=\"https:\/\/gestionlaprise.com\/immobilier\/propriete\/23-2e-avenue-forestville-g0t1e0\/\" \/>\n<meta property=\"og:site_name\" content=\"Gestion Laprise | Immobilier\" \/>\n<meta property=\"article:publisher\" content=\"https:\/\/www.facebook.com\/GestionLaprise\/\" \/>\n<meta property=\"article:modified_time\" content=\"2022-09-23T17:14:14+00:00\" \/>\n<meta property=\"og:image\" content=\"https:\/\/gestionlaprise.com\/immobilier\/wp-content\/uploads\/2018\/02\/23-2e-avenue-Copie.jpg\" \/>\n\t<meta property=\"og:image:width\" content=\"1297\" \/>\n\t<meta property=\"og:image:height\" content=\"865\" \/>\n\t<meta property=\"og:image:type\" content=\"image\/jpeg\" \/>\n<meta name=\"twitter:card\" content=\"summary_large_image\" \/>\n<meta name=\"twitter:label1\" content=\"Dur\u00e9e de lecture estim\u00e9e\" \/>\n\t<meta name=\"twitter:data1\" content=\"1 minute\" \/>\n<script type=\"application\/ld+json\" class=\"yoast-schema-graph\">{\"@context\":\"https:\/\/schema.org\",\"@graph\":[{\"@type\":\"WebPage\",\"@id\":\"https:\/\/gestionlaprise.com\/immobilier\/propriete\/23-2e-avenue-forestville-g0t1e0\/\",\"url\":\"https:\/\/gestionlaprise.com\/immobilier\/propriete\/23-2e-avenue-forestville-g0t1e0\/\",\"name\":\"Immeuble \u00e0 logement 23, 2 Avenue, Forestville\",\"isPartOf\":{\"@id\":\"https:\/\/gestionlaprise.com\/immobilier\/#website\"},\"primaryImageOfPage\":{\"@id\":\"https:\/\/gestionlaprise.com\/immobilier\/propriete\/23-2e-avenue-forestville-g0t1e0\/#primaryimage\"},\"image\":{\"@id\":\"https:\/\/gestionlaprise.com\/immobilier\/propriete\/23-2e-avenue-forestville-g0t1e0\/#primaryimage\"},\"thumbnailUrl\":\"https:\/\/gestionlaprise.com\/immobilier\/wp-content\/uploads\/2018\/02\/23-2e-avenue-Copie.jpg\",\"datePublished\":\"2018-02-21T18:25:03+00:00\",\"dateModified\":\"2022-09-23T17:14:14+00:00\",\"description\":\"Immeuble \u00e0 logement 23, 2 Avenue, Forestville\",\"breadcrumb\":{\"@id\":\"https:\/\/gestionlaprise.com\/immobilier\/propriete\/23-2e-avenue-forestville-g0t1e0\/#breadcrumb\"},\"inLanguage\":\"fr-FR\",\"potentialAction\":[{\"@type\":\"ReadAction\",\"target\":[\"https:\/\/gestionlaprise.com\/immobilier\/propriete\/23-2e-avenue-forestville-g0t1e0\/\"]}]},{\"@type\":\"ImageObject\",\"inLanguage\":\"fr-FR\",\"@id\":\"https:\/\/gestionlaprise.com\/immobilier\/propriete\/23-2e-avenue-forestville-g0t1e0\/#primaryimage\",\"url\":\"https:\/\/gestionlaprise.com\/immobilier\/wp-content\/uploads\/2018\/02\/23-2e-avenue-Copie.jpg\",\"contentUrl\":\"https:\/\/gestionlaprise.com\/immobilier\/wp-content\/uploads\/2018\/02\/23-2e-avenue-Copie.jpg\",\"width\":1297,\"height\":865},{\"@type\":\"BreadcrumbList\",\"@id\":\"https:\/\/gestionlaprise.com\/immobilier\/propriete\/23-2e-avenue-forestville-g0t1e0\/#breadcrumb\",\"itemListElement\":[{\"@type\":\"ListItem\",\"position\":1,\"name\":\"Accueil\",\"item\":\"https:\/\/gestionlaprise.com\/immobilier\/\"},{\"@type\":\"ListItem\",\"position\":2,\"name\":\"Biens\",\"item\":\"https:\/\/gestionlaprise.com\/immobilier\/propriete\/\"},{\"@type\":\"ListItem\",\"position\":3,\"name\":\"23, 2e Avenue, Forestville\"}]},{\"@type\":\"WebSite\",\"@id\":\"https:\/\/gestionlaprise.com\/immobilier\/#website\",\"url\":\"https:\/\/gestionlaprise.com\/immobilier\/\",\"name\":\"Gestion Laprise | Immobilier\",\"description\":\"Immobilier - Logements \u00e0 louer \",\"publisher\":{\"@id\":\"https:\/\/gestionlaprise.com\/immobilier\/#organization\"},\"potentialAction\":[{\"@type\":\"SearchAction\",\"target\":{\"@type\":\"EntryPoint\",\"urlTemplate\":\"https:\/\/gestionlaprise.com\/immobilier\/?s={search_term_string}\"},\"query-input\":{\"@type\":\"PropertyValueSpecification\",\"valueRequired\":true,\"valueName\":\"search_term_string\"}}],\"inLanguage\":\"fr-FR\"},{\"@type\":\"Organization\",\"@id\":\"https:\/\/gestionlaprise.com\/immobilier\/#organization\",\"name\":\"Gestion Laprise Service Immobilier\",\"url\":\"https:\/\/gestionlaprise.com\/immobilier\/\",\"logo\":{\"@type\":\"ImageObject\",\"inLanguage\":\"fr-FR\",\"@id\":\"https:\/\/gestionlaprise.com\/immobilier\/#\/schema\/logo\/image\/\",\"url\":\"https:\/\/gestionlaprise.com\/immobilier\/wp-content\/uploads\/2018\/01\/logo_Gestion_Laprise236x130.jpg\",\"contentUrl\":\"https:\/\/gestionlaprise.com\/immobilier\/wp-content\/uploads\/2018\/01\/logo_Gestion_Laprise236x130.jpg\",\"width\":236,\"height\":130,\"caption\":\"Gestion Laprise Service Immobilier\"},\"image\":{\"@id\":\"https:\/\/gestionlaprise.com\/immobilier\/#\/schema\/logo\/image\/\"},\"sameAs\":[\"https:\/\/www.facebook.com\/GestionLaprise\/\"]}]}<\/script>\n<!-- \/ Yoast SEO plugin. -->","yoast_head_json":{"title":"Immeuble \u00e0 logement 23, 2 Avenue, Forestville","description":"Immeuble \u00e0 logement 23, 2 Avenue, Forestville","robots":{"index":"index","follow":"follow","max-snippet":"max-snippet:-1","max-image-preview":"max-image-preview:large","max-video-preview":"max-video-preview:-1"},"canonical":"https:\/\/gestionlaprise.com\/immobilier\/propriete\/23-2e-avenue-forestville-g0t1e0\/","og_locale":"fr_FR","og_type":"article","og_title":"Immeuble \u00e0 logement 23, 2 Avenue, Forestville","og_description":"Immeuble \u00e0 logement 23, 2 Avenue, Forestville","og_url":"https:\/\/gestionlaprise.com\/immobilier\/propriete\/23-2e-avenue-forestville-g0t1e0\/","og_site_name":"Gestion Laprise | Immobilier","article_publisher":"https:\/\/www.facebook.com\/GestionLaprise\/","article_modified_time":"2022-09-23T17:14:14+00:00","og_image":[{"width":1297,"height":865,"url":"https:\/\/gestionlaprise.com\/immobilier\/wp-content\/uploads\/2018\/02\/23-2e-avenue-Copie.jpg","type":"image\/jpeg"}],"twitter_card":"summary_large_image","twitter_misc":{"Dur\u00e9e de lecture estim\u00e9e":"1 minute"},"schema":{"@context":"https:\/\/schema.org","@graph":[{"@type":"WebPage","@id":"https:\/\/gestionlaprise.com\/immobilier\/propriete\/23-2e-avenue-forestville-g0t1e0\/","url":"https:\/\/gestionlaprise.com\/immobilier\/propriete\/23-2e-avenue-forestville-g0t1e0\/","name":"Immeuble \u00e0 logement 23, 2 Avenue, Forestville","isPartOf":{"@id":"https:\/\/gestionlaprise.com\/immobilier\/#website"},"primaryImageOfPage":{"@id":"https:\/\/gestionlaprise.com\/immobilier\/propriete\/23-2e-avenue-forestville-g0t1e0\/#primaryimage"},"image":{"@id":"https:\/\/gestionlaprise.com\/immobilier\/propriete\/23-2e-avenue-forestville-g0t1e0\/#primaryimage"},"thumbnailUrl":"https:\/\/gestionlaprise.com\/immobilier\/wp-content\/uploads\/2018\/02\/23-2e-avenue-Copie.jpg","datePublished":"2018-02-21T18:25:03+00:00","dateModified":"2022-09-23T17:14:14+00:00","description":"Immeuble \u00e0 logement 23, 2 Avenue, Forestville","breadcrumb":{"@id":"https:\/\/gestionlaprise.com\/immobilier\/propriete\/23-2e-avenue-forestville-g0t1e0\/#breadcrumb"},"inLanguage":"fr-FR","potentialAction":[{"@type":"ReadAction","target":["https:\/\/gestionlaprise.com\/immobilier\/propriete\/23-2e-avenue-forestville-g0t1e0\/"]}]},{"@type":"ImageObject","inLanguage":"fr-FR","@id":"https:\/\/gestionlaprise.com\/immobilier\/propriete\/23-2e-avenue-forestville-g0t1e0\/#primaryimage","url":"https:\/\/gestionlaprise.com\/immobilier\/wp-content\/uploads\/2018\/02\/23-2e-avenue-Copie.jpg","contentUrl":"https:\/\/gestionlaprise.com\/immobilier\/wp-content\/uploads\/2018\/02\/23-2e-avenue-Copie.jpg","width":1297,"height":865},{"@type":"BreadcrumbList","@id":"https:\/\/gestionlaprise.com\/immobilier\/propriete\/23-2e-avenue-forestville-g0t1e0\/#breadcrumb","itemListElement":[{"@type":"ListItem","position":1,"name":"Accueil","item":"https:\/\/gestionlaprise.com\/immobilier\/"},{"@type":"ListItem","position":2,"name":"Biens","item":"https:\/\/gestionlaprise.com\/immobilier\/propriete\/"},{"@type":"ListItem","position":3,"name":"23, 2e Avenue, Forestville"}]},{"@type":"WebSite","@id":"https:\/\/gestionlaprise.com\/immobilier\/#website","url":"https:\/\/gestionlaprise.com\/immobilier\/","name":"Gestion Laprise | Immobilier","description":"Immobilier - Logements \u00e0 louer ","publisher":{"@id":"https:\/\/gestionlaprise.com\/immobilier\/#organization"},"potentialAction":[{"@type":"SearchAction","target":{"@type":"EntryPoint","urlTemplate":"https:\/\/gestionlaprise.com\/immobilier\/?s={search_term_string}"},"query-input":{"@type":"PropertyValueSpecification","valueRequired":true,"valueName":"search_term_string"}}],"inLanguage":"fr-FR"},{"@type":"Organization","@id":"https:\/\/gestionlaprise.com\/immobilier\/#organization","name":"Gestion Laprise Service Immobilier","url":"https:\/\/gestionlaprise.com\/immobilier\/","logo":{"@type":"ImageObject","inLanguage":"fr-FR","@id":"https:\/\/gestionlaprise.com\/immobilier\/#\/schema\/logo\/image\/","url":"https:\/\/gestionlaprise.com\/immobilier\/wp-content\/uploads\/2018\/01\/logo_Gestion_Laprise236x130.jpg","contentUrl":"https:\/\/gestionlaprise.com\/immobilier\/wp-content\/uploads\/2018\/01\/logo_Gestion_Laprise236x130.jpg","width":236,"height":130,"caption":"Gestion Laprise Service Immobilier"},"image":{"@id":"https:\/\/gestionlaprise.com\/immobilier\/#\/schema\/logo\/image\/"},"sameAs":["https:\/\/www.facebook.com\/GestionLaprise\/"]}]}},"_links":{"self":[{"href":"https:\/\/gestionlaprise.com\/immobilier\/wp-json\/wp\/v2\/properties\/45","targetHints":{"allow":["GET"]}}],"collection":[{"href":"https:\/\/gestionlaprise.com\/immobilier\/wp-json\/wp\/v2\/properties"}],"about":[{"href":"https:\/\/gestionlaprise.com\/immobilier\/wp-json\/wp\/v2\/types\/property"}],"author":[{"embeddable":true,"href":"https:\/\/gestionlaprise.com\/immobilier\/wp-json\/wp\/v2\/users\/1"}],"replies":[{"embeddable":true,"href":"https:\/\/gestionlaprise.com\/immobilier\/wp-json\/wp\/v2\/comments?post=45"}],"version-history":[{"count":39,"href":"https:\/\/gestionlaprise.com\/immobilier\/wp-json\/wp\/v2\/properties\/45\/revisions"}],"predecessor-version":[{"id":4700,"href":"https:\/\/gestionlaprise.com\/immobilier\/wp-json\/wp\/v2\/properties\/45\/revisions\/4700"}],"wp:featuredmedia":[{"embeddable":true,"href":"https:\/\/gestionlaprise.com\/immobilier\/wp-json\/wp\/v2\/media\/4697"}],"wp:attachment":[{"href":"https:\/\/gestionlaprise.com\/immobilier\/wp-json\/wp\/v2\/media?parent=45"}],"wp:term":[{"taxonomy":"property-type","embeddable":true,"href":"https:\/\/gestionlaprise.com\/immobilier\/wp-json\/wp\/v2\/property-types?post=45"},{"taxonomy":"property-status","embeddable":true,"href":"https:\/\/gestionlaprise.com\/immobilier\/wp-json\/wp\/v2\/property-statuses?post=45"},{"taxonomy":"property-city","embeddable":true,"href":"https:\/\/gestionlaprise.com\/immobilier\/wp-json\/wp\/v2\/property-cities?post=45"},{"taxonomy":"property-feature","embeddable":true,"href":"https:\/\/gestionlaprise.com\/immobilier\/wp-json\/wp\/v2\/property-features?post=45"}],"curies":[{"name":"wp","href":"https:\/\/api.w.org\/{rel}","templated":true}]}}