{"id":4041,"date":"2018-07-03T12:04:27","date_gmt":"2018-07-03T17:04:27","guid":{"rendered":"https:\/\/gestionlaprise.com\/immobilier\/?post_type=property&#038;p=4041"},"modified":"2025-08-07T13:08:53","modified_gmt":"2025-08-07T18:08:53","slug":"27-2e-avenue-1","status":"publish","type":"property","link":"https:\/\/gestionlaprise.com\/immobilier\/propriete\/27-2e-avenue\/27-2e-avenue-1\/","title":{"rendered":"27 2e avenue, #1"},"content":{"rendered":"<p>Logement trois pi\u00e8ces et demi.<\/p>\n<p>La t\u00e9l\u00e9vision par c\u00e2ble et Internet sans fil sont inclus. Il ne reste qu&#8217;\u00e0 vous y installer!<\/p>\n<p>Possibilit\u00e9 de louer \u00e0 moyen terme (travailleur ou \u00e9tudiant) ou long terme.<\/p>\n<p>Situ\u00e9 au 2e \u00e9tage.<\/p>\n<div id=\"envira-gallery-wrap-4035\" class=\"envira-gallery-wrap envira-gallery-theme-base envira-lightbox-theme-base\" itemscope itemtype=\"https:\/\/schema.org\/ImageGallery\"><div data-row-height=\"150\" data-gallery-theme=\"normal\" id=\"envira-gallery-4035\" class=\"envira-gallery-public envira-gallery-justified-public envira-gallery-0-columns envira-clear enviratope envira-gallery-css-animations\" data-envira-columns=\"0\"><div id=\"envira-gallery-item-4477\" class=\"envira-gallery-item enviratope-item envira-gallery-item-1 envira-lazy-load\" style=\"padding-left: 5px; padding-bottom: 10px; padding-right: 5px;\"  itemscope itemtype=\"https:\/\/schema.org\/ImageObject\"><div class=\"envira-gallery-item-inner\"><div class=\"envira-gallery-position-overlay  envira-gallery-top-left\"><\/div><div class=\"envira-gallery-position-overlay  envira-gallery-top-right\"><\/div><div class=\"envira-gallery-position-overlay  envira-gallery-bottom-left\"><\/div><div class=\"envira-gallery-position-overlay  envira-gallery-bottom-right\"><\/div><a href=\"https:\/\/gestionlaprise.com\/immobilier\/wp-content\/uploads\/2018\/07\/101553187_252490939340151_8094904512663257088_n.jpg\" class=\"envira-gallery-4035 envira-gallery-link\" rel=\"enviragallery4035\" title=\"101553187_252490939340151_8094904512663257088_n\" data-envira-caption=\"101553187_252490939340151_8094904512663257088_n\" data-envira-retina=\"\" data-thumbnail=\"\"  itemprop=\"contentUrl\"><img decoding=\"async\" id=\"envira-gallery-image-4477\" class=\"envira-gallery-image envira-gallery-image-1 envira-normal envira-lazy\" data-envira-index=\"1\" src=\"https:\/\/gestionlaprise.com\/immobilier\/wp-content\/uploads\/2018\/07\/101553187_252490939340151_8094904512663257088_n-640x480.jpg\" data-envira-src=\"https:\/\/gestionlaprise.com\/immobilier\/wp-content\/uploads\/2018\/07\/101553187_252490939340151_8094904512663257088_n-640x480.jpg\" data-envira-gallery-id=\"4035\" data-envira-item-id=\"4477\" data-envira-caption=\"101553187_252490939340151_8094904512663257088_n\" alt=\"\" title=\"101553187_252490939340151_8094904512663257088_n\"  itemprop=\"thumbnailUrl\" data-envira-srcset=\"https:\/\/gestionlaprise.com\/immobilier\/wp-content\/uploads\/2018\/07\/101553187_252490939340151_8094904512663257088_n-640x480.jpg 400w,https:\/\/gestionlaprise.com\/immobilier\/wp-content\/uploads\/2018\/07\/101553187_252490939340151_8094904512663257088_n-640x480.jpg 2x\" data-envira-width=\"300\" data-envira-height=\"225\" srcset=\"data:image\/gif;base64,R0lGODlhAQABAIAAAP\/\/\/\/\/\/\/yH5BAEKAAEALAAAAAABAAEAAAICTAEAOw==\" data-safe-src=\"data:image\/gif;base64,R0lGODlhAQABAIAAAP\/\/\/\/\/\/\/yH5BAEKAAEALAAAAAABAAEAAAICTAEAOw==\" \/><\/a><\/div><\/div><div id=\"envira-gallery-item-4036\" class=\"envira-gallery-item enviratope-item envira-gallery-item-2 envira-lazy-load\" style=\"padding-left: 5px; padding-bottom: 10px; padding-right: 5px;\"  itemscope itemtype=\"https:\/\/schema.org\/ImageObject\"><div class=\"envira-gallery-item-inner\"><div class=\"envira-gallery-position-overlay  envira-gallery-top-left\"><\/div><div class=\"envira-gallery-position-overlay  envira-gallery-top-right\"><\/div><div class=\"envira-gallery-position-overlay  envira-gallery-bottom-left\"><\/div><div class=\"envira-gallery-position-overlay  envira-gallery-bottom-right\"><\/div><a href=\"https:\/\/gestionlaprise.com\/immobilier\/wp-content\/uploads\/2018\/07\/IMG_1133-g.jpg\" class=\"envira-gallery-4035 envira-gallery-link\" rel=\"enviragallery4035\" title=\"IMG_1133-g\" data-envira-caption=\"IMG_1133-g\" data-envira-retina=\"\" data-thumbnail=\"\"  itemprop=\"contentUrl\"><img decoding=\"async\" id=\"envira-gallery-image-4036\" class=\"envira-gallery-image envira-gallery-image-2 envira-normal envira-lazy\" data-envira-index=\"2\" src=\"https:\/\/gestionlaprise.com\/immobilier\/wp-content\/uploads\/2018\/07\/IMG_1133-g-1024x683-640x480.jpg\" data-envira-src=\"https:\/\/gestionlaprise.com\/immobilier\/wp-content\/uploads\/2018\/07\/IMG_1133-g-1024x683-640x480.jpg\" data-envira-gallery-id=\"4035\" data-envira-item-id=\"4036\" data-envira-caption=\"IMG_1133-g\" alt=\"\" title=\"IMG_1133-g\"  itemprop=\"thumbnailUrl\" data-envira-srcset=\"https:\/\/gestionlaprise.com\/immobilier\/wp-content\/uploads\/2018\/07\/IMG_1133-g-1024x683-640x480.jpg 400w,https:\/\/gestionlaprise.com\/immobilier\/wp-content\/uploads\/2018\/07\/IMG_1133-g-1024x683-640x480.jpg 2x\" data-envira-width=\"300\" data-envira-height=\"200\" srcset=\"data:image\/gif;base64,R0lGODlhAQABAIAAAP\/\/\/\/\/\/\/yH5BAEKAAEALAAAAAABAAEAAAICTAEAOw==\" data-safe-src=\"data:image\/gif;base64,R0lGODlhAQABAIAAAP\/\/\/\/\/\/\/yH5BAEKAAEALAAAAAABAAEAAAICTAEAOw==\" \/><\/a><\/div><\/div><div id=\"envira-gallery-item-4038\" class=\"envira-gallery-item enviratope-item envira-gallery-item-3 envira-lazy-load\" style=\"padding-left: 5px; padding-bottom: 10px; padding-right: 5px;\"  itemscope itemtype=\"https:\/\/schema.org\/ImageObject\"><div class=\"envira-gallery-item-inner\"><div class=\"envira-gallery-position-overlay  envira-gallery-top-left\"><\/div><div class=\"envira-gallery-position-overlay  envira-gallery-top-right\"><\/div><div class=\"envira-gallery-position-overlay  envira-gallery-bottom-left\"><\/div><div class=\"envira-gallery-position-overlay  envira-gallery-bottom-right\"><\/div><a href=\"https:\/\/gestionlaprise.com\/immobilier\/wp-content\/uploads\/2018\/07\/IMG_1136-g.jpg\" class=\"envira-gallery-4035 envira-gallery-link\" rel=\"enviragallery4035\" title=\"IMG_1136-g\" data-envira-caption=\"IMG_1136-g\" data-envira-retina=\"\" data-thumbnail=\"\"  itemprop=\"contentUrl\"><img decoding=\"async\" id=\"envira-gallery-image-4038\" class=\"envira-gallery-image envira-gallery-image-3 envira-normal envira-lazy\" data-envira-index=\"3\" src=\"https:\/\/gestionlaprise.com\/immobilier\/wp-content\/uploads\/2018\/07\/IMG_1136-g-1024x682-640x480.jpg\" data-envira-src=\"https:\/\/gestionlaprise.com\/immobilier\/wp-content\/uploads\/2018\/07\/IMG_1136-g-1024x682-640x480.jpg\" data-envira-gallery-id=\"4035\" data-envira-item-id=\"4038\" data-envira-caption=\"IMG_1136-g\" alt=\"\" title=\"IMG_1136-g\"  itemprop=\"thumbnailUrl\" data-envira-srcset=\"https:\/\/gestionlaprise.com\/immobilier\/wp-content\/uploads\/2018\/07\/IMG_1136-g-1024x682-640x480.jpg 400w,https:\/\/gestionlaprise.com\/immobilier\/wp-content\/uploads\/2018\/07\/IMG_1136-g-1024x682-640x480.jpg 2x\" data-envira-width=\"300\" data-envira-height=\"200\" srcset=\"data:image\/gif;base64,R0lGODlhAQABAIAAAP\/\/\/\/\/\/\/yH5BAEKAAEALAAAAAABAAEAAAICTAEAOw==\" data-safe-src=\"data:image\/gif;base64,R0lGODlhAQABAIAAAP\/\/\/\/\/\/\/yH5BAEKAAEALAAAAAABAAEAAAICTAEAOw==\" \/><\/a><\/div><\/div><div id=\"envira-gallery-item-4039\" class=\"envira-gallery-item enviratope-item envira-gallery-item-4 envira-lazy-load\" style=\"padding-left: 5px; padding-bottom: 10px; padding-right: 5px;\"  itemscope itemtype=\"https:\/\/schema.org\/ImageObject\"><div class=\"envira-gallery-item-inner\"><div class=\"envira-gallery-position-overlay  envira-gallery-top-left\"><\/div><div class=\"envira-gallery-position-overlay  envira-gallery-top-right\"><\/div><div class=\"envira-gallery-position-overlay  envira-gallery-bottom-left\"><\/div><div class=\"envira-gallery-position-overlay  envira-gallery-bottom-right\"><\/div><a href=\"https:\/\/gestionlaprise.com\/immobilier\/wp-content\/uploads\/2018\/07\/IMG_1138-g.jpg\" class=\"envira-gallery-4035 envira-gallery-link\" rel=\"enviragallery4035\" title=\"IMG_1138-g\" data-envira-caption=\"IMG_1138-g\" data-envira-retina=\"\" data-thumbnail=\"\"  itemprop=\"contentUrl\"><img decoding=\"async\" id=\"envira-gallery-image-4039\" class=\"envira-gallery-image envira-gallery-image-4 envira-normal envira-lazy\" data-envira-index=\"4\" src=\"https:\/\/gestionlaprise.com\/immobilier\/wp-content\/uploads\/2018\/07\/IMG_1138-g-1024x683-640x480.jpg\" data-envira-src=\"https:\/\/gestionlaprise.com\/immobilier\/wp-content\/uploads\/2018\/07\/IMG_1138-g-1024x683-640x480.jpg\" data-envira-gallery-id=\"4035\" data-envira-item-id=\"4039\" data-envira-caption=\"IMG_1138-g\" alt=\"\" title=\"IMG_1138-g\"  itemprop=\"thumbnailUrl\" data-envira-srcset=\"https:\/\/gestionlaprise.com\/immobilier\/wp-content\/uploads\/2018\/07\/IMG_1138-g-1024x683-640x480.jpg 400w,https:\/\/gestionlaprise.com\/immobilier\/wp-content\/uploads\/2018\/07\/IMG_1138-g-1024x683-640x480.jpg 2x\" data-envira-width=\"300\" data-envira-height=\"200\" srcset=\"data:image\/gif;base64,R0lGODlhAQABAIAAAP\/\/\/\/\/\/\/yH5BAEKAAEALAAAAAABAAEAAAICTAEAOw==\" data-safe-src=\"data:image\/gif;base64,R0lGODlhAQABAIAAAP\/\/\/\/\/\/\/yH5BAEKAAEALAAAAAABAAEAAAICTAEAOw==\" \/><\/a><\/div><\/div><div id=\"envira-gallery-item-4040\" class=\"envira-gallery-item enviratope-item envira-gallery-item-5 envira-lazy-load\" style=\"padding-left: 5px; padding-bottom: 10px; padding-right: 5px;\"  itemscope itemtype=\"https:\/\/schema.org\/ImageObject\"><div class=\"envira-gallery-item-inner\"><div class=\"envira-gallery-position-overlay  envira-gallery-top-left\"><\/div><div class=\"envira-gallery-position-overlay  envira-gallery-top-right\"><\/div><div class=\"envira-gallery-position-overlay  envira-gallery-bottom-left\"><\/div><div class=\"envira-gallery-position-overlay  envira-gallery-bottom-right\"><\/div><a href=\"https:\/\/gestionlaprise.com\/immobilier\/wp-content\/uploads\/2018\/07\/IMG_1139-g.jpg\" class=\"envira-gallery-4035 envira-gallery-link\" rel=\"enviragallery4035\" title=\"IMG_1139-g\" data-envira-caption=\"IMG_1139-g\" data-envira-retina=\"\" data-thumbnail=\"\"  itemprop=\"contentUrl\"><img decoding=\"async\" id=\"envira-gallery-image-4040\" class=\"envira-gallery-image envira-gallery-image-5 envira-normal envira-lazy\" data-envira-index=\"5\" src=\"https:\/\/gestionlaprise.com\/immobilier\/wp-content\/uploads\/2018\/07\/IMG_1139-g-1024x683-640x480.jpg\" data-envira-src=\"https:\/\/gestionlaprise.com\/immobilier\/wp-content\/uploads\/2018\/07\/IMG_1139-g-1024x683-640x480.jpg\" data-envira-gallery-id=\"4035\" data-envira-item-id=\"4040\" data-envira-caption=\"IMG_1139-g\" alt=\"\" title=\"IMG_1139-g\"  itemprop=\"thumbnailUrl\" data-envira-srcset=\"https:\/\/gestionlaprise.com\/immobilier\/wp-content\/uploads\/2018\/07\/IMG_1139-g-1024x683-640x480.jpg 400w,https:\/\/gestionlaprise.com\/immobilier\/wp-content\/uploads\/2018\/07\/IMG_1139-g-1024x683-640x480.jpg 2x\" data-envira-width=\"300\" data-envira-height=\"200\" srcset=\"data:image\/gif;base64,R0lGODlhAQABAIAAAP\/\/\/\/\/\/\/yH5BAEKAAEALAAAAAABAAEAAAICTAEAOw==\" data-safe-src=\"data:image\/gif;base64,R0lGODlhAQABAIAAAP\/\/\/\/\/\/\/yH5BAEKAAEALAAAAAABAAEAAAICTAEAOw==\" \/><\/a><\/div><\/div><\/div><\/div><noscript><img decoding=\"async\" src=\"https:\/\/gestionlaprise.com\/immobilier\/wp-content\/uploads\/2018\/07\/101553187_252490939340151_8094904512663257088_n.jpg\" alt=\"\" \/><img decoding=\"async\" src=\"https:\/\/gestionlaprise.com\/immobilier\/wp-content\/uploads\/2018\/07\/IMG_1133-g.jpg\" alt=\"\" \/><img decoding=\"async\" src=\"https:\/\/gestionlaprise.com\/immobilier\/wp-content\/uploads\/2018\/07\/IMG_1136-g.jpg\" alt=\"\" \/><img decoding=\"async\" src=\"https:\/\/gestionlaprise.com\/immobilier\/wp-content\/uploads\/2018\/07\/IMG_1138-g.jpg\" alt=\"\" \/><img decoding=\"async\" src=\"https:\/\/gestionlaprise.com\/immobilier\/wp-content\/uploads\/2018\/07\/IMG_1139-g.jpg\" alt=\"\" \/><\/noscript>\n<div style=\"padding-bottom:20px; padding-top:10px;\" class=\"hupso-share-buttons\"><!-- Hupso Share Buttons - https:\/\/www.hupso.com\/share\/ --><a class=\"hupso_counters\" href=\"https:\/\/www.hupso.com\/share\/\"><img decoding=\"async\" src=\"https:\/\/static.hupso.com\/share\/buttons\/lang\/fr\/share-small.png\" style=\"border:0px; padding-top:2px; float:left;\" alt=\"Share Button\"\/><\/a><script type=\"text\/javascript\">var hupso_services_c=new Array(\"facebook_like\",\"facebook_send\",\"google\",\"email\",\"print\");var hupso_counters_lang = \"fr_CA\";var hupso_image_folder_url = \"\";var hupso_url_c=\"\";var hupso_title_c=\"27%202e%20avenue%2C%20%231\";<\/script><script type=\"text\/javascript\" src=\"https:\/\/static.hupso.com\/share\/js\/counters.js\"><\/script><!-- Hupso Share Buttons --><\/div>","protected":false},"excerpt":{"rendered":"<p>Logement trois pi\u00e8ces et demi. La t\u00e9l\u00e9vision par c\u00e2ble et Internet sans fil sont inclus. Il ne reste qu&#8217;\u00e0 vous y installer! Possibilit\u00e9 de louer \u00e0 moyen terme (travailleur ou \u00e9tudiant) ou long terme. Situ\u00e9 au 2e \u00e9tage.<\/p>\n<div style=\"padding-bottom:20px; padding-top:10px;\" class=\"hupso-share-buttons\"><!-- Hupso Share Buttons - https:\/\/www.hupso.com\/share\/ --><a class=\"hupso_counters\" href=\"https:\/\/www.hupso.com\/share\/\"><img src=\"https:\/\/static.hupso.com\/share\/buttons\/lang\/fr\/share-small.png\" style=\"border:0px; padding-top:2px; float:left;\" alt=\"Share Button\"\/><\/a><script type=\"text\/javascript\">var hupso_services_c=new Array(\"facebook_like\",\"facebook_send\",\"google\",\"email\",\"print\");var hupso_counters_lang = \"fr_CA\";var hupso_image_folder_url = \"\";var hupso_url_c=\"\";var hupso_title_c=\"27%202e%20avenue%2C%20%231\";<\/script><script type=\"text\/javascript\" src=\"https:\/\/static.hupso.com\/share\/js\/counters.js\"><\/script><!-- Hupso Share Buttons --><\/div>","protected":false},"author":2,"featured_media":4478,"parent":4032,"menu_order":0,"comment_status":"open","ping_status":"closed","template":"","property-types":[67],"property-statuses":[25],"property-cities":[],"property-features":[17,18,76,19,21,60,27],"class_list":["post-4041","property","type-property","status-publish","has-post-thumbnail","hentry","property-type-67","property-status-deja-loue","property-feature-buanderie","property-feature-chauffe","property-feature-cuisine-equipee","property-feature-eau-chaude","property-feature-eclairer","property-feature-meuble","property-feature-stationnement","clearfix"],"yoast_head":"<!-- This site is optimized with the Yoast SEO plugin v27.2 - https:\/\/yoast.com\/product\/yoast-seo-wordpress\/ -->\n<title>27 2e avenue, #1 - Gestion Laprise | Immobilier<\/title>\n<meta name=\"robots\" content=\"index, follow, max-snippet:-1, max-image-preview:large, max-video-preview:-1\" \/>\n<link rel=\"canonical\" href=\"https:\/\/gestionlaprise.com\/immobilier\/propriete\/27-2e-avenue\/27-2e-avenue-1\/\" \/>\n<meta property=\"og:locale\" content=\"fr_FR\" \/>\n<meta property=\"og:type\" content=\"article\" \/>\n<meta property=\"og:title\" content=\"27 2e avenue, #1 - Gestion Laprise | Immobilier\" \/>\n<meta property=\"og:description\" content=\"Logement trois pi\u00e8ces et demi. La t\u00e9l\u00e9vision par c\u00e2ble et Internet sans fil sont inclus. Il ne reste qu&#8217;\u00e0 vous y installer! Possibilit\u00e9 de louer \u00e0 moyen terme (travailleur ou \u00e9tudiant) ou long terme. Situ\u00e9 au 2e \u00e9tage.\" \/>\n<meta property=\"og:url\" content=\"https:\/\/gestionlaprise.com\/immobilier\/propriete\/27-2e-avenue\/27-2e-avenue-1\/\" \/>\n<meta property=\"og:site_name\" content=\"Gestion Laprise | Immobilier\" \/>\n<meta property=\"article:publisher\" content=\"https:\/\/www.facebook.com\/GestionLaprise\/\" \/>\n<meta property=\"article:modified_time\" content=\"2025-08-07T18:08:53+00:00\" \/>\n<meta property=\"og:image\" content=\"https:\/\/gestionlaprise.com\/immobilier\/wp-content\/uploads\/2018\/07\/101553187_252490939340151_8094904512663257088_n-1.jpg\" \/>\n\t<meta property=\"og:image:width\" content=\"750\" \/>\n\t<meta property=\"og:image:height\" content=\"563\" \/>\n\t<meta property=\"og:image:type\" content=\"image\/jpeg\" \/>\n<meta name=\"twitter:card\" content=\"summary_large_image\" \/>\n<meta name=\"twitter:label1\" content=\"Dur\u00e9e de lecture estim\u00e9e\" \/>\n\t<meta name=\"twitter:data1\" content=\"1 minute\" \/>\n<script type=\"application\/ld+json\" class=\"yoast-schema-graph\">{\"@context\":\"https:\/\/schema.org\",\"@graph\":[{\"@type\":\"WebPage\",\"@id\":\"https:\/\/gestionlaprise.com\/immobilier\/propriete\/27-2e-avenue\/27-2e-avenue-1\/\",\"url\":\"https:\/\/gestionlaprise.com\/immobilier\/propriete\/27-2e-avenue\/27-2e-avenue-1\/\",\"name\":\"27 2e avenue, #1 - Gestion Laprise | Immobilier\",\"isPartOf\":{\"@id\":\"https:\/\/gestionlaprise.com\/immobilier\/#website\"},\"primaryImageOfPage\":{\"@id\":\"https:\/\/gestionlaprise.com\/immobilier\/propriete\/27-2e-avenue\/27-2e-avenue-1\/#primaryimage\"},\"image\":{\"@id\":\"https:\/\/gestionlaprise.com\/immobilier\/propriete\/27-2e-avenue\/27-2e-avenue-1\/#primaryimage\"},\"thumbnailUrl\":\"https:\/\/gestionlaprise.com\/immobilier\/wp-content\/uploads\/2018\/07\/101553187_252490939340151_8094904512663257088_n-1.jpg\",\"datePublished\":\"2018-07-03T17:04:27+00:00\",\"dateModified\":\"2025-08-07T18:08:53+00:00\",\"breadcrumb\":{\"@id\":\"https:\/\/gestionlaprise.com\/immobilier\/propriete\/27-2e-avenue\/27-2e-avenue-1\/#breadcrumb\"},\"inLanguage\":\"fr-FR\",\"potentialAction\":[{\"@type\":\"ReadAction\",\"target\":[\"https:\/\/gestionlaprise.com\/immobilier\/propriete\/27-2e-avenue\/27-2e-avenue-1\/\"]}]},{\"@type\":\"ImageObject\",\"inLanguage\":\"fr-FR\",\"@id\":\"https:\/\/gestionlaprise.com\/immobilier\/propriete\/27-2e-avenue\/27-2e-avenue-1\/#primaryimage\",\"url\":\"https:\/\/gestionlaprise.com\/immobilier\/wp-content\/uploads\/2018\/07\/101553187_252490939340151_8094904512663257088_n-1.jpg\",\"contentUrl\":\"https:\/\/gestionlaprise.com\/immobilier\/wp-content\/uploads\/2018\/07\/101553187_252490939340151_8094904512663257088_n-1.jpg\",\"width\":750,\"height\":563},{\"@type\":\"BreadcrumbList\",\"@id\":\"https:\/\/gestionlaprise.com\/immobilier\/propriete\/27-2e-avenue\/27-2e-avenue-1\/#breadcrumb\",\"itemListElement\":[{\"@type\":\"ListItem\",\"position\":1,\"name\":\"Accueil\",\"item\":\"https:\/\/gestionlaprise.com\/immobilier\/\"},{\"@type\":\"ListItem\",\"position\":2,\"name\":\"Biens\",\"item\":\"https:\/\/gestionlaprise.com\/immobilier\/propriete\/\"},{\"@type\":\"ListItem\",\"position\":3,\"name\":\"27, 2e avenue, Forestville\",\"item\":\"https:\/\/gestionlaprise.com\/immobilier\/propriete\/27-2e-avenue\/\"},{\"@type\":\"ListItem\",\"position\":4,\"name\":\"27 2e avenue, #1\"}]},{\"@type\":\"WebSite\",\"@id\":\"https:\/\/gestionlaprise.com\/immobilier\/#website\",\"url\":\"https:\/\/gestionlaprise.com\/immobilier\/\",\"name\":\"Gestion Laprise | Immobilier\",\"description\":\"Immobilier - Logements \u00e0 louer \",\"publisher\":{\"@id\":\"https:\/\/gestionlaprise.com\/immobilier\/#organization\"},\"potentialAction\":[{\"@type\":\"SearchAction\",\"target\":{\"@type\":\"EntryPoint\",\"urlTemplate\":\"https:\/\/gestionlaprise.com\/immobilier\/?s={search_term_string}\"},\"query-input\":{\"@type\":\"PropertyValueSpecification\",\"valueRequired\":true,\"valueName\":\"search_term_string\"}}],\"inLanguage\":\"fr-FR\"},{\"@type\":\"Organization\",\"@id\":\"https:\/\/gestionlaprise.com\/immobilier\/#organization\",\"name\":\"Gestion Laprise Service Immobilier\",\"url\":\"https:\/\/gestionlaprise.com\/immobilier\/\",\"logo\":{\"@type\":\"ImageObject\",\"inLanguage\":\"fr-FR\",\"@id\":\"https:\/\/gestionlaprise.com\/immobilier\/#\/schema\/logo\/image\/\",\"url\":\"https:\/\/gestionlaprise.com\/immobilier\/wp-content\/uploads\/2018\/01\/logo_Gestion_Laprise236x130.jpg\",\"contentUrl\":\"https:\/\/gestionlaprise.com\/immobilier\/wp-content\/uploads\/2018\/01\/logo_Gestion_Laprise236x130.jpg\",\"width\":236,\"height\":130,\"caption\":\"Gestion Laprise Service Immobilier\"},\"image\":{\"@id\":\"https:\/\/gestionlaprise.com\/immobilier\/#\/schema\/logo\/image\/\"},\"sameAs\":[\"https:\/\/www.facebook.com\/GestionLaprise\/\"]}]}<\/script>\n<!-- \/ Yoast SEO plugin. -->","yoast_head_json":{"title":"27 2e avenue, #1 - Gestion Laprise | Immobilier","robots":{"index":"index","follow":"follow","max-snippet":"max-snippet:-1","max-image-preview":"max-image-preview:large","max-video-preview":"max-video-preview:-1"},"canonical":"https:\/\/gestionlaprise.com\/immobilier\/propriete\/27-2e-avenue\/27-2e-avenue-1\/","og_locale":"fr_FR","og_type":"article","og_title":"27 2e avenue, #1 - Gestion Laprise | Immobilier","og_description":"Logement trois pi\u00e8ces et demi. La t\u00e9l\u00e9vision par c\u00e2ble et Internet sans fil sont inclus. Il ne reste qu&#8217;\u00e0 vous y installer! Possibilit\u00e9 de louer \u00e0 moyen terme (travailleur ou \u00e9tudiant) ou long terme. Situ\u00e9 au 2e \u00e9tage.","og_url":"https:\/\/gestionlaprise.com\/immobilier\/propriete\/27-2e-avenue\/27-2e-avenue-1\/","og_site_name":"Gestion Laprise | Immobilier","article_publisher":"https:\/\/www.facebook.com\/GestionLaprise\/","article_modified_time":"2025-08-07T18:08:53+00:00","og_image":[{"width":750,"height":563,"url":"https:\/\/gestionlaprise.com\/immobilier\/wp-content\/uploads\/2018\/07\/101553187_252490939340151_8094904512663257088_n-1.jpg","type":"image\/jpeg"}],"twitter_card":"summary_large_image","twitter_misc":{"Dur\u00e9e de lecture estim\u00e9e":"1 minute"},"schema":{"@context":"https:\/\/schema.org","@graph":[{"@type":"WebPage","@id":"https:\/\/gestionlaprise.com\/immobilier\/propriete\/27-2e-avenue\/27-2e-avenue-1\/","url":"https:\/\/gestionlaprise.com\/immobilier\/propriete\/27-2e-avenue\/27-2e-avenue-1\/","name":"27 2e avenue, #1 - Gestion Laprise | Immobilier","isPartOf":{"@id":"https:\/\/gestionlaprise.com\/immobilier\/#website"},"primaryImageOfPage":{"@id":"https:\/\/gestionlaprise.com\/immobilier\/propriete\/27-2e-avenue\/27-2e-avenue-1\/#primaryimage"},"image":{"@id":"https:\/\/gestionlaprise.com\/immobilier\/propriete\/27-2e-avenue\/27-2e-avenue-1\/#primaryimage"},"thumbnailUrl":"https:\/\/gestionlaprise.com\/immobilier\/wp-content\/uploads\/2018\/07\/101553187_252490939340151_8094904512663257088_n-1.jpg","datePublished":"2018-07-03T17:04:27+00:00","dateModified":"2025-08-07T18:08:53+00:00","breadcrumb":{"@id":"https:\/\/gestionlaprise.com\/immobilier\/propriete\/27-2e-avenue\/27-2e-avenue-1\/#breadcrumb"},"inLanguage":"fr-FR","potentialAction":[{"@type":"ReadAction","target":["https:\/\/gestionlaprise.com\/immobilier\/propriete\/27-2e-avenue\/27-2e-avenue-1\/"]}]},{"@type":"ImageObject","inLanguage":"fr-FR","@id":"https:\/\/gestionlaprise.com\/immobilier\/propriete\/27-2e-avenue\/27-2e-avenue-1\/#primaryimage","url":"https:\/\/gestionlaprise.com\/immobilier\/wp-content\/uploads\/2018\/07\/101553187_252490939340151_8094904512663257088_n-1.jpg","contentUrl":"https:\/\/gestionlaprise.com\/immobilier\/wp-content\/uploads\/2018\/07\/101553187_252490939340151_8094904512663257088_n-1.jpg","width":750,"height":563},{"@type":"BreadcrumbList","@id":"https:\/\/gestionlaprise.com\/immobilier\/propriete\/27-2e-avenue\/27-2e-avenue-1\/#breadcrumb","itemListElement":[{"@type":"ListItem","position":1,"name":"Accueil","item":"https:\/\/gestionlaprise.com\/immobilier\/"},{"@type":"ListItem","position":2,"name":"Biens","item":"https:\/\/gestionlaprise.com\/immobilier\/propriete\/"},{"@type":"ListItem","position":3,"name":"27, 2e avenue, Forestville","item":"https:\/\/gestionlaprise.com\/immobilier\/propriete\/27-2e-avenue\/"},{"@type":"ListItem","position":4,"name":"27 2e avenue, #1"}]},{"@type":"WebSite","@id":"https:\/\/gestionlaprise.com\/immobilier\/#website","url":"https:\/\/gestionlaprise.com\/immobilier\/","name":"Gestion Laprise | Immobilier","description":"Immobilier - Logements \u00e0 louer ","publisher":{"@id":"https:\/\/gestionlaprise.com\/immobilier\/#organization"},"potentialAction":[{"@type":"SearchAction","target":{"@type":"EntryPoint","urlTemplate":"https:\/\/gestionlaprise.com\/immobilier\/?s={search_term_string}"},"query-input":{"@type":"PropertyValueSpecification","valueRequired":true,"valueName":"search_term_string"}}],"inLanguage":"fr-FR"},{"@type":"Organization","@id":"https:\/\/gestionlaprise.com\/immobilier\/#organization","name":"Gestion Laprise Service Immobilier","url":"https:\/\/gestionlaprise.com\/immobilier\/","logo":{"@type":"ImageObject","inLanguage":"fr-FR","@id":"https:\/\/gestionlaprise.com\/immobilier\/#\/schema\/logo\/image\/","url":"https:\/\/gestionlaprise.com\/immobilier\/wp-content\/uploads\/2018\/01\/logo_Gestion_Laprise236x130.jpg","contentUrl":"https:\/\/gestionlaprise.com\/immobilier\/wp-content\/uploads\/2018\/01\/logo_Gestion_Laprise236x130.jpg","width":236,"height":130,"caption":"Gestion Laprise Service Immobilier"},"image":{"@id":"https:\/\/gestionlaprise.com\/immobilier\/#\/schema\/logo\/image\/"},"sameAs":["https:\/\/www.facebook.com\/GestionLaprise\/"]}]}},"_links":{"self":[{"href":"https:\/\/gestionlaprise.com\/immobilier\/wp-json\/wp\/v2\/properties\/4041","targetHints":{"allow":["GET"]}}],"collection":[{"href":"https:\/\/gestionlaprise.com\/immobilier\/wp-json\/wp\/v2\/properties"}],"about":[{"href":"https:\/\/gestionlaprise.com\/immobilier\/wp-json\/wp\/v2\/types\/property"}],"author":[{"embeddable":true,"href":"https:\/\/gestionlaprise.com\/immobilier\/wp-json\/wp\/v2\/users\/2"}],"replies":[{"embeddable":true,"href":"https:\/\/gestionlaprise.com\/immobilier\/wp-json\/wp\/v2\/comments?post=4041"}],"version-history":[{"count":8,"href":"https:\/\/gestionlaprise.com\/immobilier\/wp-json\/wp\/v2\/properties\/4041\/revisions"}],"predecessor-version":[{"id":4489,"href":"https:\/\/gestionlaprise.com\/immobilier\/wp-json\/wp\/v2\/properties\/4041\/revisions\/4489"}],"up":[{"embeddable":true,"href":"https:\/\/gestionlaprise.com\/immobilier\/wp-json\/wp\/v2\/properties\/4032"}],"wp:featuredmedia":[{"embeddable":true,"href":"https:\/\/gestionlaprise.com\/immobilier\/wp-json\/wp\/v2\/media\/4478"}],"wp:attachment":[{"href":"https:\/\/gestionlaprise.com\/immobilier\/wp-json\/wp\/v2\/media?parent=4041"}],"wp:term":[{"taxonomy":"property-type","embeddable":true,"href":"https:\/\/gestionlaprise.com\/immobilier\/wp-json\/wp\/v2\/property-types?post=4041"},{"taxonomy":"property-status","embeddable":true,"href":"https:\/\/gestionlaprise.com\/immobilier\/wp-json\/wp\/v2\/property-statuses?post=4041"},{"taxonomy":"property-city","embeddable":true,"href":"https:\/\/gestionlaprise.com\/immobilier\/wp-json\/wp\/v2\/property-cities?post=4041"},{"taxonomy":"property-feature","embeddable":true,"href":"https:\/\/gestionlaprise.com\/immobilier\/wp-json\/wp\/v2\/property-features?post=4041"}],"curies":[{"name":"wp","href":"https:\/\/api.w.org\/{rel}","templated":true}]}}