{"id":3940,"date":"2018-03-13T19:59:31","date_gmt":"2018-03-14T00:59:31","guid":{"rendered":"http:\/\/gestionlaprise.com\/immobilier\/?post_type=property&#038;p=3940"},"modified":"2025-08-07T13:11:16","modified_gmt":"2025-08-07T18:11:16","slug":"28-payette-7","status":"publish","type":"property","link":"https:\/\/gestionlaprise.com\/immobilier\/propriete\/28-rue-payette-forestville-g0t1e0\/28-payette-7\/","title":{"rendered":"28 Payette #7"},"content":{"rendered":"<p>Logement&nbsp;2\u00bd situ\u00e9 au demi sous-sol, avec une chambre \u00e0 coucher.<\/p>\n<p>Meubl\u00e9, chauff\u00e9 et \u00e9clair\u00e9, laveuse et s\u00e9cheuse dans l&#8217;appartement.<\/p>\n<p>Situ\u00e9 au demi sous-sol.<\/p>\n<p>Location moyen ou long terme. Id\u00e9al pour travailleur ou \u00e9tudiant. Disponible \u00e0 partir du 1er janvier.<\/p>\n<p>Ce logement est enti\u00e8rement meubl\u00e9 et \u00e9quip\u00e9 (vaisselle, literie), chauff\u00e9 et \u00e9clair\u00e9. L\u2019Internet sans fil est \u00e9galement inclus. Il est pr\u00eat \u00e0 vous recevoir!<\/p>\n\n\n<div class=\"wp-block-envira-envira-gallery\"><div id=\"envira-gallery-wrap-4520\" class=\"envira-gallery-wrap envira-gallery-theme-base envira-lightbox-theme-base\" itemscope itemtype=\"https:\/\/schema.org\/ImageGallery\"><div data-row-height=\"150\" data-gallery-theme=\"normal\" id=\"envira-gallery-4520\" class=\"envira-gallery-public envira-gallery-justified-public envira-gallery-0-columns envira-clear enviratope envira-gallery-css-animations\" data-envira-columns=\"0\"><div id=\"envira-gallery-item-4521\" class=\"envira-gallery-item enviratope-item envira-gallery-item-1 envira-lazy-load\" style=\"padding-left: 1px; padding-bottom: 1px; padding-right: 1px;\"  itemscope itemtype=\"https:\/\/schema.org\/ImageObject\"><div class=\"envira-gallery-item-inner\"><div class=\"envira-gallery-position-overlay  envira-gallery-top-left\"><\/div><div class=\"envira-gallery-position-overlay  envira-gallery-top-right\"><\/div><div class=\"envira-gallery-position-overlay  envira-gallery-bottom-left\"><\/div><div class=\"envira-gallery-position-overlay  envira-gallery-bottom-right\"><\/div><a href=\"https:\/\/gestionlaprise.com\/immobilier\/wp-content\/uploads\/2021\/10\/1.jpg\" class=\"envira-gallery-4520 envira-gallery-link\" rel=\"enviragallery4520\" title=\"1\" data-envira-caption=\"1\" data-envira-retina=\"\" data-thumbnail=\"\"  itemprop=\"contentUrl\"><img decoding=\"async\" id=\"envira-gallery-image-4521\" class=\"envira-gallery-image envira-gallery-image-1 envira-normal envira-lazy\" data-envira-index=\"1\" src=\"https:\/\/gestionlaprise.com\/immobilier\/wp-content\/uploads\/2021\/10\/1-768x1024-640x480.jpg\" data-envira-src=\"https:\/\/gestionlaprise.com\/immobilier\/wp-content\/uploads\/2021\/10\/1-768x1024-640x480.jpg\" data-envira-gallery-id=\"4520\" data-envira-item-id=\"4521\" data-envira-caption=\"1\" alt=\"\" title=\"1\"  itemprop=\"thumbnailUrl\" data-envira-srcset=\"https:\/\/gestionlaprise.com\/immobilier\/wp-content\/uploads\/2021\/10\/1-768x1024-640x480.jpg 400w,https:\/\/gestionlaprise.com\/immobilier\/wp-content\/uploads\/2021\/10\/1-768x1024-640x480.jpg 2x\" data-envira-width=\"225\" data-envira-height=\"300\" srcset=\"data:image\/gif;base64,R0lGODlhAQABAIAAAP\/\/\/\/\/\/\/yH5BAEKAAEALAAAAAABAAEAAAICTAEAOw==\" data-safe-src=\"data:image\/gif;base64,R0lGODlhAQABAIAAAP\/\/\/\/\/\/\/yH5BAEKAAEALAAAAAABAAEAAAICTAEAOw==\" \/><\/a><\/div><\/div><div id=\"envira-gallery-item-4522\" class=\"envira-gallery-item enviratope-item envira-gallery-item-2 envira-lazy-load\" style=\"padding-left: 1px; padding-bottom: 1px; padding-right: 1px;\"  itemscope itemtype=\"https:\/\/schema.org\/ImageObject\"><div class=\"envira-gallery-item-inner\"><div class=\"envira-gallery-position-overlay  envira-gallery-top-left\"><\/div><div class=\"envira-gallery-position-overlay  envira-gallery-top-right\"><\/div><div class=\"envira-gallery-position-overlay  envira-gallery-bottom-left\"><\/div><div class=\"envira-gallery-position-overlay  envira-gallery-bottom-right\"><\/div><a href=\"https:\/\/gestionlaprise.com\/immobilier\/wp-content\/uploads\/2021\/10\/2.jpg\" class=\"envira-gallery-4520 envira-gallery-link\" rel=\"enviragallery4520\" title=\"2\" data-envira-caption=\"2\" data-envira-retina=\"\" data-thumbnail=\"\"  itemprop=\"contentUrl\"><img decoding=\"async\" id=\"envira-gallery-image-4522\" class=\"envira-gallery-image envira-gallery-image-2 envira-normal envira-lazy\" data-envira-index=\"2\" src=\"https:\/\/gestionlaprise.com\/immobilier\/wp-content\/uploads\/2021\/10\/2-768x1024-640x480.jpg\" data-envira-src=\"https:\/\/gestionlaprise.com\/immobilier\/wp-content\/uploads\/2021\/10\/2-768x1024-640x480.jpg\" data-envira-gallery-id=\"4520\" data-envira-item-id=\"4522\" data-envira-caption=\"2\" alt=\"\" title=\"2\"  itemprop=\"thumbnailUrl\" data-envira-srcset=\"https:\/\/gestionlaprise.com\/immobilier\/wp-content\/uploads\/2021\/10\/2-768x1024-640x480.jpg 400w,https:\/\/gestionlaprise.com\/immobilier\/wp-content\/uploads\/2021\/10\/2-768x1024-640x480.jpg 2x\" data-envira-width=\"225\" data-envira-height=\"300\" srcset=\"data:image\/gif;base64,R0lGODlhAQABAIAAAP\/\/\/\/\/\/\/yH5BAEKAAEALAAAAAABAAEAAAICTAEAOw==\" data-safe-src=\"data:image\/gif;base64,R0lGODlhAQABAIAAAP\/\/\/\/\/\/\/yH5BAEKAAEALAAAAAABAAEAAAICTAEAOw==\" \/><\/a><\/div><\/div><div id=\"envira-gallery-item-4523\" class=\"envira-gallery-item enviratope-item envira-gallery-item-3 envira-lazy-load\" style=\"padding-left: 1px; padding-bottom: 1px; padding-right: 1px;\"  itemscope itemtype=\"https:\/\/schema.org\/ImageObject\"><div class=\"envira-gallery-item-inner\"><div class=\"envira-gallery-position-overlay  envira-gallery-top-left\"><\/div><div class=\"envira-gallery-position-overlay  envira-gallery-top-right\"><\/div><div class=\"envira-gallery-position-overlay  envira-gallery-bottom-left\"><\/div><div class=\"envira-gallery-position-overlay  envira-gallery-bottom-right\"><\/div><a href=\"https:\/\/gestionlaprise.com\/immobilier\/wp-content\/uploads\/2021\/10\/3.jpg\" class=\"envira-gallery-4520 envira-gallery-link\" rel=\"enviragallery4520\" title=\"3\" data-envira-caption=\"3\" data-envira-retina=\"\" data-thumbnail=\"\"  itemprop=\"contentUrl\"><img decoding=\"async\" id=\"envira-gallery-image-4523\" class=\"envira-gallery-image envira-gallery-image-3 envira-normal envira-lazy\" data-envira-index=\"3\" src=\"https:\/\/gestionlaprise.com\/immobilier\/wp-content\/uploads\/2021\/10\/3-768x1024-640x480.jpg\" data-envira-src=\"https:\/\/gestionlaprise.com\/immobilier\/wp-content\/uploads\/2021\/10\/3-768x1024-640x480.jpg\" data-envira-gallery-id=\"4520\" data-envira-item-id=\"4523\" data-envira-caption=\"3\" alt=\"\" title=\"3\"  itemprop=\"thumbnailUrl\" data-envira-srcset=\"https:\/\/gestionlaprise.com\/immobilier\/wp-content\/uploads\/2021\/10\/3-768x1024-640x480.jpg 400w,https:\/\/gestionlaprise.com\/immobilier\/wp-content\/uploads\/2021\/10\/3-768x1024-640x480.jpg 2x\" data-envira-width=\"225\" data-envira-height=\"300\" srcset=\"data:image\/gif;base64,R0lGODlhAQABAIAAAP\/\/\/\/\/\/\/yH5BAEKAAEALAAAAAABAAEAAAICTAEAOw==\" data-safe-src=\"data:image\/gif;base64,R0lGODlhAQABAIAAAP\/\/\/\/\/\/\/yH5BAEKAAEALAAAAAABAAEAAAICTAEAOw==\" \/><\/a><\/div><\/div><div id=\"envira-gallery-item-4524\" class=\"envira-gallery-item enviratope-item envira-gallery-item-4 envira-lazy-load\" style=\"padding-left: 1px; padding-bottom: 1px; padding-right: 1px;\"  itemscope itemtype=\"https:\/\/schema.org\/ImageObject\"><div class=\"envira-gallery-item-inner\"><div class=\"envira-gallery-position-overlay  envira-gallery-top-left\"><\/div><div class=\"envira-gallery-position-overlay  envira-gallery-top-right\"><\/div><div class=\"envira-gallery-position-overlay  envira-gallery-bottom-left\"><\/div><div class=\"envira-gallery-position-overlay  envira-gallery-bottom-right\"><\/div><a href=\"https:\/\/gestionlaprise.com\/immobilier\/wp-content\/uploads\/2021\/10\/4.jpg\" class=\"envira-gallery-4520 envira-gallery-link\" rel=\"enviragallery4520\" title=\"4\" data-envira-caption=\"4\" data-envira-retina=\"\" data-thumbnail=\"\"  itemprop=\"contentUrl\"><img decoding=\"async\" id=\"envira-gallery-image-4524\" class=\"envira-gallery-image envira-gallery-image-4 envira-normal envira-lazy\" data-envira-index=\"4\" src=\"https:\/\/gestionlaprise.com\/immobilier\/wp-content\/uploads\/2021\/10\/4-1024x768-640x480.jpg\" data-envira-src=\"https:\/\/gestionlaprise.com\/immobilier\/wp-content\/uploads\/2021\/10\/4-1024x768-640x480.jpg\" data-envira-gallery-id=\"4520\" data-envira-item-id=\"4524\" data-envira-caption=\"4\" alt=\"\" title=\"4\"  itemprop=\"thumbnailUrl\" data-envira-srcset=\"https:\/\/gestionlaprise.com\/immobilier\/wp-content\/uploads\/2021\/10\/4-1024x768-640x480.jpg 400w,https:\/\/gestionlaprise.com\/immobilier\/wp-content\/uploads\/2021\/10\/4-1024x768-640x480.jpg 2x\" data-envira-width=\"300\" data-envira-height=\"225\" srcset=\"data:image\/gif;base64,R0lGODlhAQABAIAAAP\/\/\/\/\/\/\/yH5BAEKAAEALAAAAAABAAEAAAICTAEAOw==\" data-safe-src=\"data:image\/gif;base64,R0lGODlhAQABAIAAAP\/\/\/\/\/\/\/yH5BAEKAAEALAAAAAABAAEAAAICTAEAOw==\" \/><\/a><\/div><\/div><div id=\"envira-gallery-item-4525\" class=\"envira-gallery-item enviratope-item envira-gallery-item-5 envira-lazy-load\" style=\"padding-left: 1px; padding-bottom: 1px; padding-right: 1px;\"  itemscope itemtype=\"https:\/\/schema.org\/ImageObject\"><div class=\"envira-gallery-item-inner\"><div class=\"envira-gallery-position-overlay  envira-gallery-top-left\"><\/div><div class=\"envira-gallery-position-overlay  envira-gallery-top-right\"><\/div><div class=\"envira-gallery-position-overlay  envira-gallery-bottom-left\"><\/div><div class=\"envira-gallery-position-overlay  envira-gallery-bottom-right\"><\/div><a href=\"https:\/\/gestionlaprise.com\/immobilier\/wp-content\/uploads\/2021\/10\/5.jpg\" class=\"envira-gallery-4520 envira-gallery-link\" rel=\"enviragallery4520\" title=\"5\" data-envira-caption=\"5\" data-envira-retina=\"\" data-thumbnail=\"\"  itemprop=\"contentUrl\"><img decoding=\"async\" id=\"envira-gallery-image-4525\" class=\"envira-gallery-image envira-gallery-image-5 envira-normal envira-lazy\" data-envira-index=\"5\" src=\"https:\/\/gestionlaprise.com\/immobilier\/wp-content\/uploads\/2021\/10\/5-768x1024-640x480.jpg\" data-envira-src=\"https:\/\/gestionlaprise.com\/immobilier\/wp-content\/uploads\/2021\/10\/5-768x1024-640x480.jpg\" data-envira-gallery-id=\"4520\" data-envira-item-id=\"4525\" data-envira-caption=\"5\" alt=\"\" title=\"5\"  itemprop=\"thumbnailUrl\" data-envira-srcset=\"https:\/\/gestionlaprise.com\/immobilier\/wp-content\/uploads\/2021\/10\/5-768x1024-640x480.jpg 400w,https:\/\/gestionlaprise.com\/immobilier\/wp-content\/uploads\/2021\/10\/5-768x1024-640x480.jpg 2x\" data-envira-width=\"225\" data-envira-height=\"300\" srcset=\"data:image\/gif;base64,R0lGODlhAQABAIAAAP\/\/\/\/\/\/\/yH5BAEKAAEALAAAAAABAAEAAAICTAEAOw==\" data-safe-src=\"data:image\/gif;base64,R0lGODlhAQABAIAAAP\/\/\/\/\/\/\/yH5BAEKAAEALAAAAAABAAEAAAICTAEAOw==\" \/><\/a><\/div><\/div><div id=\"envira-gallery-item-4526\" class=\"envira-gallery-item enviratope-item envira-gallery-item-6 envira-lazy-load\" style=\"padding-left: 1px; padding-bottom: 1px; padding-right: 1px;\"  itemscope itemtype=\"https:\/\/schema.org\/ImageObject\"><div class=\"envira-gallery-item-inner\"><div class=\"envira-gallery-position-overlay  envira-gallery-top-left\"><\/div><div class=\"envira-gallery-position-overlay  envira-gallery-top-right\"><\/div><div class=\"envira-gallery-position-overlay  envira-gallery-bottom-left\"><\/div><div class=\"envira-gallery-position-overlay  envira-gallery-bottom-right\"><\/div><a href=\"https:\/\/gestionlaprise.com\/immobilier\/wp-content\/uploads\/2021\/10\/6.jpg\" class=\"envira-gallery-4520 envira-gallery-link\" rel=\"enviragallery4520\" title=\"6\" data-envira-caption=\"6\" data-envira-retina=\"\" data-thumbnail=\"\"  itemprop=\"contentUrl\"><img decoding=\"async\" id=\"envira-gallery-image-4526\" class=\"envira-gallery-image envira-gallery-image-6 envira-normal envira-lazy\" data-envira-index=\"6\" src=\"https:\/\/gestionlaprise.com\/immobilier\/wp-content\/uploads\/2021\/10\/6-768x1024-640x480.jpg\" data-envira-src=\"https:\/\/gestionlaprise.com\/immobilier\/wp-content\/uploads\/2021\/10\/6-768x1024-640x480.jpg\" data-envira-gallery-id=\"4520\" data-envira-item-id=\"4526\" data-envira-caption=\"6\" alt=\"\" title=\"6\"  itemprop=\"thumbnailUrl\" data-envira-srcset=\"https:\/\/gestionlaprise.com\/immobilier\/wp-content\/uploads\/2021\/10\/6-768x1024-640x480.jpg 400w,https:\/\/gestionlaprise.com\/immobilier\/wp-content\/uploads\/2021\/10\/6-768x1024-640x480.jpg 2x\" data-envira-width=\"225\" data-envira-height=\"300\" srcset=\"data:image\/gif;base64,R0lGODlhAQABAIAAAP\/\/\/\/\/\/\/yH5BAEKAAEALAAAAAABAAEAAAICTAEAOw==\" data-safe-src=\"data:image\/gif;base64,R0lGODlhAQABAIAAAP\/\/\/\/\/\/\/yH5BAEKAAEALAAAAAABAAEAAAICTAEAOw==\" \/><\/a><\/div><\/div><\/div><\/div><noscript><img decoding=\"async\" src=\"https:\/\/gestionlaprise.com\/immobilier\/wp-content\/uploads\/2021\/10\/1.jpg\" alt=\"\" \/><img decoding=\"async\" src=\"https:\/\/gestionlaprise.com\/immobilier\/wp-content\/uploads\/2021\/10\/2.jpg\" alt=\"\" \/><img decoding=\"async\" src=\"https:\/\/gestionlaprise.com\/immobilier\/wp-content\/uploads\/2021\/10\/3.jpg\" alt=\"\" \/><img decoding=\"async\" src=\"https:\/\/gestionlaprise.com\/immobilier\/wp-content\/uploads\/2021\/10\/4.jpg\" alt=\"\" \/><img decoding=\"async\" src=\"https:\/\/gestionlaprise.com\/immobilier\/wp-content\/uploads\/2021\/10\/5.jpg\" alt=\"\" \/><img decoding=\"async\" src=\"https:\/\/gestionlaprise.com\/immobilier\/wp-content\/uploads\/2021\/10\/6.jpg\" alt=\"\" \/><\/noscript><\/div>\n<div style=\"padding-bottom:20px; padding-top:10px;\" class=\"hupso-share-buttons\"><!-- Hupso Share Buttons - https:\/\/www.hupso.com\/share\/ --><a class=\"hupso_counters\" href=\"https:\/\/www.hupso.com\/share\/\"><img decoding=\"async\" src=\"https:\/\/static.hupso.com\/share\/buttons\/lang\/fr\/share-small.png\" style=\"border:0px; padding-top:2px; float:left;\" alt=\"Share Button\"\/><\/a><script type=\"text\/javascript\">var hupso_services_c=new Array(\"facebook_like\",\"facebook_send\",\"google\",\"email\",\"print\");var hupso_counters_lang = \"fr_CA\";var hupso_image_folder_url = \"\";var hupso_url_c=\"\";var hupso_title_c=\"28%20Payette%20%237\";<\/script><script type=\"text\/javascript\" src=\"https:\/\/static.hupso.com\/share\/js\/counters.js\"><\/script><!-- Hupso Share Buttons --><\/div>","protected":false},"excerpt":{"rendered":"<p>Logement&nbsp;2\u00bd situ\u00e9 au demi sous-sol, avec une chambre \u00e0 coucher. Meubl\u00e9, chauff\u00e9 et \u00e9clair\u00e9, laveuse et s\u00e9cheuse dans l&#8217;appartement. Situ\u00e9 au demi sous-sol. Location moyen ou long terme. Id\u00e9al pour travailleur ou \u00e9tudiant. Disponible \u00e0 partir du 1er janvier. Ce logement est enti\u00e8rement meubl\u00e9 et \u00e9quip\u00e9 (vaisselle, literie), chauff\u00e9 et \u00e9clair\u00e9. L\u2019Internet sans fil est [&hellip;]<\/p>\n<div style=\"padding-bottom:20px; padding-top:10px;\" class=\"hupso-share-buttons\"><!-- Hupso Share Buttons - https:\/\/www.hupso.com\/share\/ --><a class=\"hupso_counters\" href=\"https:\/\/www.hupso.com\/share\/\"><img src=\"https:\/\/static.hupso.com\/share\/buttons\/lang\/fr\/share-small.png\" style=\"border:0px; padding-top:2px; float:left;\" alt=\"Share Button\"\/><\/a><script type=\"text\/javascript\">var hupso_services_c=new Array(\"facebook_like\",\"facebook_send\",\"google\",\"email\",\"print\");var hupso_counters_lang = \"fr_CA\";var hupso_image_folder_url = \"\";var hupso_url_c=\"\";var hupso_title_c=\"28%20Payette%20%237\";<\/script><script type=\"text\/javascript\" src=\"https:\/\/static.hupso.com\/share\/js\/counters.js\"><\/script><!-- Hupso Share Buttons --><\/div>","protected":false},"author":2,"featured_media":4524,"parent":101,"menu_order":0,"comment_status":"closed","ping_status":"closed","template":"","property-types":[66],"property-statuses":[25],"property-cities":[],"property-features":[18,21,28,60],"class_list":["post-3940","property","type-property","status-publish","has-post-thumbnail","hentry","property-type-66","property-status-deja-loue","property-feature-chauffe","property-feature-eclairer","property-feature-laveuse-secheuse-inclus","property-feature-meuble","clearfix"],"yoast_head":"<!-- This site is optimized with the Yoast SEO plugin v27.2 - https:\/\/yoast.com\/product\/yoast-seo-wordpress\/ -->\n<title>28 Payette #7 - Gestion Laprise | Immobilier<\/title>\n<meta name=\"robots\" content=\"index, follow, max-snippet:-1, max-image-preview:large, max-video-preview:-1\" \/>\n<link rel=\"canonical\" href=\"https:\/\/gestionlaprise.com\/immobilier\/propriete\/28-rue-payette-forestville-g0t1e0\/28-payette-7\/\" \/>\n<meta property=\"og:locale\" content=\"fr_FR\" \/>\n<meta property=\"og:type\" content=\"article\" \/>\n<meta property=\"og:title\" content=\"28 Payette #7 - Gestion Laprise | Immobilier\" \/>\n<meta property=\"og:description\" content=\"Logement&nbsp;2\u00bd situ\u00e9 au demi sous-sol, avec une chambre \u00e0 coucher. Meubl\u00e9, chauff\u00e9 et \u00e9clair\u00e9, laveuse et s\u00e9cheuse dans l&#8217;appartement. Situ\u00e9 au demi sous-sol. Location moyen ou long terme. Id\u00e9al pour travailleur ou \u00e9tudiant. Disponible \u00e0 partir du 1er janvier. Ce logement est enti\u00e8rement meubl\u00e9 et \u00e9quip\u00e9 (vaisselle, literie), chauff\u00e9 et \u00e9clair\u00e9. L\u2019Internet sans fil est [&hellip;]\" \/>\n<meta property=\"og:url\" content=\"https:\/\/gestionlaprise.com\/immobilier\/propriete\/28-rue-payette-forestville-g0t1e0\/28-payette-7\/\" \/>\n<meta property=\"og:site_name\" content=\"Gestion Laprise | Immobilier\" \/>\n<meta property=\"article:publisher\" content=\"https:\/\/www.facebook.com\/GestionLaprise\/\" \/>\n<meta property=\"article:modified_time\" content=\"2025-08-07T18:11:16+00:00\" \/>\n<meta property=\"og:image\" content=\"https:\/\/gestionlaprise.com\/immobilier\/wp-content\/uploads\/2021\/10\/4.jpg\" \/>\n\t<meta property=\"og:image:width\" content=\"2000\" \/>\n\t<meta property=\"og:image:height\" content=\"1500\" \/>\n\t<meta property=\"og:image:type\" content=\"image\/jpeg\" \/>\n<meta name=\"twitter:card\" content=\"summary_large_image\" \/>\n<meta name=\"twitter:label1\" content=\"Dur\u00e9e de lecture estim\u00e9e\" \/>\n\t<meta name=\"twitter:data1\" content=\"1 minute\" \/>\n<script type=\"application\/ld+json\" class=\"yoast-schema-graph\">{\"@context\":\"https:\/\/schema.org\",\"@graph\":[{\"@type\":\"WebPage\",\"@id\":\"https:\/\/gestionlaprise.com\/immobilier\/propriete\/28-rue-payette-forestville-g0t1e0\/28-payette-7\/\",\"url\":\"https:\/\/gestionlaprise.com\/immobilier\/propriete\/28-rue-payette-forestville-g0t1e0\/28-payette-7\/\",\"name\":\"28 Payette #7 - Gestion Laprise | Immobilier\",\"isPartOf\":{\"@id\":\"https:\/\/gestionlaprise.com\/immobilier\/#website\"},\"primaryImageOfPage\":{\"@id\":\"https:\/\/gestionlaprise.com\/immobilier\/propriete\/28-rue-payette-forestville-g0t1e0\/28-payette-7\/#primaryimage\"},\"image\":{\"@id\":\"https:\/\/gestionlaprise.com\/immobilier\/propriete\/28-rue-payette-forestville-g0t1e0\/28-payette-7\/#primaryimage\"},\"thumbnailUrl\":\"https:\/\/gestionlaprise.com\/immobilier\/wp-content\/uploads\/2021\/10\/4.jpg\",\"datePublished\":\"2018-03-14T00:59:31+00:00\",\"dateModified\":\"2025-08-07T18:11:16+00:00\",\"breadcrumb\":{\"@id\":\"https:\/\/gestionlaprise.com\/immobilier\/propriete\/28-rue-payette-forestville-g0t1e0\/28-payette-7\/#breadcrumb\"},\"inLanguage\":\"fr-FR\",\"potentialAction\":[{\"@type\":\"ReadAction\",\"target\":[\"https:\/\/gestionlaprise.com\/immobilier\/propriete\/28-rue-payette-forestville-g0t1e0\/28-payette-7\/\"]}]},{\"@type\":\"ImageObject\",\"inLanguage\":\"fr-FR\",\"@id\":\"https:\/\/gestionlaprise.com\/immobilier\/propriete\/28-rue-payette-forestville-g0t1e0\/28-payette-7\/#primaryimage\",\"url\":\"https:\/\/gestionlaprise.com\/immobilier\/wp-content\/uploads\/2021\/10\/4.jpg\",\"contentUrl\":\"https:\/\/gestionlaprise.com\/immobilier\/wp-content\/uploads\/2021\/10\/4.jpg\",\"width\":2000,\"height\":1500},{\"@type\":\"BreadcrumbList\",\"@id\":\"https:\/\/gestionlaprise.com\/immobilier\/propriete\/28-rue-payette-forestville-g0t1e0\/28-payette-7\/#breadcrumb\",\"itemListElement\":[{\"@type\":\"ListItem\",\"position\":1,\"name\":\"Accueil\",\"item\":\"https:\/\/gestionlaprise.com\/immobilier\/\"},{\"@type\":\"ListItem\",\"position\":2,\"name\":\"Biens\",\"item\":\"https:\/\/gestionlaprise.com\/immobilier\/propriete\/\"},{\"@type\":\"ListItem\",\"position\":3,\"name\":\"28 rue Payette, Forestville\",\"item\":\"https:\/\/gestionlaprise.com\/immobilier\/propriete\/28-rue-payette-forestville-g0t1e0\/\"},{\"@type\":\"ListItem\",\"position\":4,\"name\":\"28 Payette #7\"}]},{\"@type\":\"WebSite\",\"@id\":\"https:\/\/gestionlaprise.com\/immobilier\/#website\",\"url\":\"https:\/\/gestionlaprise.com\/immobilier\/\",\"name\":\"Gestion Laprise | Immobilier\",\"description\":\"Immobilier - Logements \u00e0 louer \",\"publisher\":{\"@id\":\"https:\/\/gestionlaprise.com\/immobilier\/#organization\"},\"potentialAction\":[{\"@type\":\"SearchAction\",\"target\":{\"@type\":\"EntryPoint\",\"urlTemplate\":\"https:\/\/gestionlaprise.com\/immobilier\/?s={search_term_string}\"},\"query-input\":{\"@type\":\"PropertyValueSpecification\",\"valueRequired\":true,\"valueName\":\"search_term_string\"}}],\"inLanguage\":\"fr-FR\"},{\"@type\":\"Organization\",\"@id\":\"https:\/\/gestionlaprise.com\/immobilier\/#organization\",\"name\":\"Gestion Laprise Service Immobilier\",\"url\":\"https:\/\/gestionlaprise.com\/immobilier\/\",\"logo\":{\"@type\":\"ImageObject\",\"inLanguage\":\"fr-FR\",\"@id\":\"https:\/\/gestionlaprise.com\/immobilier\/#\/schema\/logo\/image\/\",\"url\":\"https:\/\/gestionlaprise.com\/immobilier\/wp-content\/uploads\/2018\/01\/logo_Gestion_Laprise236x130.jpg\",\"contentUrl\":\"https:\/\/gestionlaprise.com\/immobilier\/wp-content\/uploads\/2018\/01\/logo_Gestion_Laprise236x130.jpg\",\"width\":236,\"height\":130,\"caption\":\"Gestion Laprise Service Immobilier\"},\"image\":{\"@id\":\"https:\/\/gestionlaprise.com\/immobilier\/#\/schema\/logo\/image\/\"},\"sameAs\":[\"https:\/\/www.facebook.com\/GestionLaprise\/\"]}]}<\/script>\n<!-- \/ Yoast SEO plugin. -->","yoast_head_json":{"title":"28 Payette #7 - Gestion Laprise | Immobilier","robots":{"index":"index","follow":"follow","max-snippet":"max-snippet:-1","max-image-preview":"max-image-preview:large","max-video-preview":"max-video-preview:-1"},"canonical":"https:\/\/gestionlaprise.com\/immobilier\/propriete\/28-rue-payette-forestville-g0t1e0\/28-payette-7\/","og_locale":"fr_FR","og_type":"article","og_title":"28 Payette #7 - Gestion Laprise | Immobilier","og_description":"Logement&nbsp;2\u00bd situ\u00e9 au demi sous-sol, avec une chambre \u00e0 coucher. Meubl\u00e9, chauff\u00e9 et \u00e9clair\u00e9, laveuse et s\u00e9cheuse dans l&#8217;appartement. Situ\u00e9 au demi sous-sol. Location moyen ou long terme. Id\u00e9al pour travailleur ou \u00e9tudiant. Disponible \u00e0 partir du 1er janvier. Ce logement est enti\u00e8rement meubl\u00e9 et \u00e9quip\u00e9 (vaisselle, literie), chauff\u00e9 et \u00e9clair\u00e9. L\u2019Internet sans fil est [&hellip;]","og_url":"https:\/\/gestionlaprise.com\/immobilier\/propriete\/28-rue-payette-forestville-g0t1e0\/28-payette-7\/","og_site_name":"Gestion Laprise | Immobilier","article_publisher":"https:\/\/www.facebook.com\/GestionLaprise\/","article_modified_time":"2025-08-07T18:11:16+00:00","og_image":[{"width":2000,"height":1500,"url":"https:\/\/gestionlaprise.com\/immobilier\/wp-content\/uploads\/2021\/10\/4.jpg","type":"image\/jpeg"}],"twitter_card":"summary_large_image","twitter_misc":{"Dur\u00e9e de lecture estim\u00e9e":"1 minute"},"schema":{"@context":"https:\/\/schema.org","@graph":[{"@type":"WebPage","@id":"https:\/\/gestionlaprise.com\/immobilier\/propriete\/28-rue-payette-forestville-g0t1e0\/28-payette-7\/","url":"https:\/\/gestionlaprise.com\/immobilier\/propriete\/28-rue-payette-forestville-g0t1e0\/28-payette-7\/","name":"28 Payette #7 - Gestion Laprise | Immobilier","isPartOf":{"@id":"https:\/\/gestionlaprise.com\/immobilier\/#website"},"primaryImageOfPage":{"@id":"https:\/\/gestionlaprise.com\/immobilier\/propriete\/28-rue-payette-forestville-g0t1e0\/28-payette-7\/#primaryimage"},"image":{"@id":"https:\/\/gestionlaprise.com\/immobilier\/propriete\/28-rue-payette-forestville-g0t1e0\/28-payette-7\/#primaryimage"},"thumbnailUrl":"https:\/\/gestionlaprise.com\/immobilier\/wp-content\/uploads\/2021\/10\/4.jpg","datePublished":"2018-03-14T00:59:31+00:00","dateModified":"2025-08-07T18:11:16+00:00","breadcrumb":{"@id":"https:\/\/gestionlaprise.com\/immobilier\/propriete\/28-rue-payette-forestville-g0t1e0\/28-payette-7\/#breadcrumb"},"inLanguage":"fr-FR","potentialAction":[{"@type":"ReadAction","target":["https:\/\/gestionlaprise.com\/immobilier\/propriete\/28-rue-payette-forestville-g0t1e0\/28-payette-7\/"]}]},{"@type":"ImageObject","inLanguage":"fr-FR","@id":"https:\/\/gestionlaprise.com\/immobilier\/propriete\/28-rue-payette-forestville-g0t1e0\/28-payette-7\/#primaryimage","url":"https:\/\/gestionlaprise.com\/immobilier\/wp-content\/uploads\/2021\/10\/4.jpg","contentUrl":"https:\/\/gestionlaprise.com\/immobilier\/wp-content\/uploads\/2021\/10\/4.jpg","width":2000,"height":1500},{"@type":"BreadcrumbList","@id":"https:\/\/gestionlaprise.com\/immobilier\/propriete\/28-rue-payette-forestville-g0t1e0\/28-payette-7\/#breadcrumb","itemListElement":[{"@type":"ListItem","position":1,"name":"Accueil","item":"https:\/\/gestionlaprise.com\/immobilier\/"},{"@type":"ListItem","position":2,"name":"Biens","item":"https:\/\/gestionlaprise.com\/immobilier\/propriete\/"},{"@type":"ListItem","position":3,"name":"28 rue Payette, Forestville","item":"https:\/\/gestionlaprise.com\/immobilier\/propriete\/28-rue-payette-forestville-g0t1e0\/"},{"@type":"ListItem","position":4,"name":"28 Payette #7"}]},{"@type":"WebSite","@id":"https:\/\/gestionlaprise.com\/immobilier\/#website","url":"https:\/\/gestionlaprise.com\/immobilier\/","name":"Gestion Laprise | Immobilier","description":"Immobilier - Logements \u00e0 louer ","publisher":{"@id":"https:\/\/gestionlaprise.com\/immobilier\/#organization"},"potentialAction":[{"@type":"SearchAction","target":{"@type":"EntryPoint","urlTemplate":"https:\/\/gestionlaprise.com\/immobilier\/?s={search_term_string}"},"query-input":{"@type":"PropertyValueSpecification","valueRequired":true,"valueName":"search_term_string"}}],"inLanguage":"fr-FR"},{"@type":"Organization","@id":"https:\/\/gestionlaprise.com\/immobilier\/#organization","name":"Gestion Laprise Service Immobilier","url":"https:\/\/gestionlaprise.com\/immobilier\/","logo":{"@type":"ImageObject","inLanguage":"fr-FR","@id":"https:\/\/gestionlaprise.com\/immobilier\/#\/schema\/logo\/image\/","url":"https:\/\/gestionlaprise.com\/immobilier\/wp-content\/uploads\/2018\/01\/logo_Gestion_Laprise236x130.jpg","contentUrl":"https:\/\/gestionlaprise.com\/immobilier\/wp-content\/uploads\/2018\/01\/logo_Gestion_Laprise236x130.jpg","width":236,"height":130,"caption":"Gestion Laprise Service Immobilier"},"image":{"@id":"https:\/\/gestionlaprise.com\/immobilier\/#\/schema\/logo\/image\/"},"sameAs":["https:\/\/www.facebook.com\/GestionLaprise\/"]}]}},"_links":{"self":[{"href":"https:\/\/gestionlaprise.com\/immobilier\/wp-json\/wp\/v2\/properties\/3940","targetHints":{"allow":["GET"]}}],"collection":[{"href":"https:\/\/gestionlaprise.com\/immobilier\/wp-json\/wp\/v2\/properties"}],"about":[{"href":"https:\/\/gestionlaprise.com\/immobilier\/wp-json\/wp\/v2\/types\/property"}],"author":[{"embeddable":true,"href":"https:\/\/gestionlaprise.com\/immobilier\/wp-json\/wp\/v2\/users\/2"}],"replies":[{"embeddable":true,"href":"https:\/\/gestionlaprise.com\/immobilier\/wp-json\/wp\/v2\/comments?post=3940"}],"version-history":[{"count":9,"href":"https:\/\/gestionlaprise.com\/immobilier\/wp-json\/wp\/v2\/properties\/3940\/revisions"}],"predecessor-version":[{"id":4555,"href":"https:\/\/gestionlaprise.com\/immobilier\/wp-json\/wp\/v2\/properties\/3940\/revisions\/4555"}],"up":[{"embeddable":true,"href":"https:\/\/gestionlaprise.com\/immobilier\/wp-json\/wp\/v2\/properties\/101"}],"wp:featuredmedia":[{"embeddable":true,"href":"https:\/\/gestionlaprise.com\/immobilier\/wp-json\/wp\/v2\/media\/4524"}],"wp:attachment":[{"href":"https:\/\/gestionlaprise.com\/immobilier\/wp-json\/wp\/v2\/media?parent=3940"}],"wp:term":[{"taxonomy":"property-type","embeddable":true,"href":"https:\/\/gestionlaprise.com\/immobilier\/wp-json\/wp\/v2\/property-types?post=3940"},{"taxonomy":"property-status","embeddable":true,"href":"https:\/\/gestionlaprise.com\/immobilier\/wp-json\/wp\/v2\/property-statuses?post=3940"},{"taxonomy":"property-city","embeddable":true,"href":"https:\/\/gestionlaprise.com\/immobilier\/wp-json\/wp\/v2\/property-cities?post=3940"},{"taxonomy":"property-feature","embeddable":true,"href":"https:\/\/gestionlaprise.com\/immobilier\/wp-json\/wp\/v2\/property-features?post=3940"}],"curies":[{"name":"wp","href":"https:\/\/api.w.org\/{rel}","templated":true}]}}